{"id":4927,"date":"2021-09-01T13:19:00","date_gmt":"2021-09-01T11:19:00","guid":{"rendered":"https:\/\/www.hagainitiativet.se\/?post_type=inlagg&#038;p=4927"},"modified":"2022-08-15T13:20:28","modified_gmt":"2022-08-15T11:20:28","slug":"hagas-vdar-handelspolitiken-ar-en-outnyttjad-klimatresurs","status":"publish","type":"inlagg","link":"https:\/\/www.hagainitiativet.se\/en\/inlagg\/hagas-vdar-handelspolitiken-ar-en-outnyttjad-klimatresurs\/","title":{"rendered":"Hagas vd:ar: handelspolitiken \u00e4r en outnyttjad klimatresurs"},"content":{"rendered":"","protected":false},"excerpt":{"rendered":"","protected":false},"featured_media":4929,"parent":0,"template":"","kategori":[17],"class_list":["post-4927","inlagg","type-inlagg","status-publish","has-post-thumbnail","hentry","kategori-nyheter"],"meta_box":{"show_post_en":"0","text":"<p>Hagaf\u00f6retagens vd:ar skriver i Dagens Industri (31\/8) om vikten av att \u00f6ka takten i handelspolitiken f\u00f6r att bidra till klimatomst\u00e4llningen. Alla verktyg beh\u00f6ver anv\u00e4ndas och handelspolitiken har stor utvecklingspotential f\u00f6r att bidra till minskade utsl\u00e4pp. F\u00f6r att g\u00f6ra handelspolitiken till den klimatresurs den verkligen \u00e4r beh\u00f6vs en tydlig ambitionsh\u00f6jning, vi uppmanar den svenska regeringen att:<\/p>\n<p>- St\u00e4rka EU:s utsl\u00e4ppshandel<br \/>\n- Inte l\u00e5ta taxonomin bromsa omst\u00e4llningen<br \/>\n- Skapa j\u00e4mnare konkurrens med klimattullar<br \/>\n- Verka f\u00f6r globala prismekanismer p\u00e5 koldioxidutsl\u00e4pp<br \/>\n- Skapa en marknad f\u00f6r negativa utsl\u00e4pp<\/p>\n<p>L\u00e4s hela artikeln\u00a0<a href=\"https:\/\/www.di.se\/debatt\/debatt-handelspolitiken-ar-en-outnyttjad-klimatresurs\/\">h\u00e4r<\/a>.<\/p>\n","qoute":"","name":"","title-company":""},"_links":{"self":[{"href":"https:\/\/www.hagainitiativet.se\/en\/wp-json\/wp\/v2\/inlagg\/4927","targetHints":{"allow":["GET"]}}],"collection":[{"href":"https:\/\/www.hagainitiativet.se\/en\/wp-json\/wp\/v2\/inlagg"}],"about":[{"href":"https:\/\/www.hagainitiativet.se\/en\/wp-json\/wp\/v2\/types\/inlagg"}],"wp:featuredmedia":[{"embeddable":true,"href":"https:\/\/www.hagainitiativet.se\/en\/wp-json\/wp\/v2\/media\/4929"}],"wp:attachment":[{"href":"https:\/\/www.hagainitiativet.se\/en\/wp-json\/wp\/v2\/media?parent=4927"}],"wp:term":[{"taxonomy":"kategori","embeddable":true,"href":"https:\/\/www.hagainitiativet.se\/en\/wp-json\/wp\/v2\/kategori?post=4927"}],"curies":[{"name":"wp","href":"https:\/\/api.w.org\/{rel}","templated":true}]}}