{"id":4939,"date":"2021-06-14T13:29:00","date_gmt":"2021-06-14T11:29:00","guid":{"rendered":"https:\/\/www.hagainitiativet.se\/?post_type=inlagg&#038;p=4939"},"modified":"2022-08-15T13:30:08","modified_gmt":"2022-08-15T11:30:08","slug":"rapportslapp-time-to-step-up-aligning-eu-policy-with-paris-agreement","status":"publish","type":"inlagg","link":"https:\/\/www.hagainitiativet.se\/en\/inlagg\/rapportslapp-time-to-step-up-aligning-eu-policy-with-paris-agreement\/","title":{"rendered":"Rapportsl\u00e4pp Time to step up &#8211; Aligning EU policy with Paris Agreement"},"content":{"rendered":"","protected":false},"excerpt":{"rendered":"","protected":false},"featured_media":4941,"parent":0,"template":"","kategori":[17],"class_list":["post-4939","inlagg","type-inlagg","status-publish","has-post-thumbnail","hentry","kategori-nyheter"],"meta_box":{"show_post_en":"0","text":"<p><em>Idag sl\u00e4pper Hagainitiativet EU-rapporten Time to step up - Aligning EU policy with Paris Agreement f\u00f6r att skynda p\u00e5 klimatomst\u00e4llningen.<\/em><\/p>\n<p>Klimatpolitiken \u00e4r inte l\u00e4ngre ett enskilt politikomr\u00e5de med en ansvarig minister eller kommission\u00e4r. Alla oavsett sektor har ett ansvar och all politik beh\u00f6ver revideras f\u00f6r att 1,5- gradersm\u00e5let. Det \u00e4r ocks\u00e5 tydligt att Ursula von der Leyens Kommission har betydligt st\u00f6rre klimatambitioner \u00e4n n\u00e5gon annan kommission tidigare haft och t\u00e4cker stora delar av EU-politiken.<\/p>\n<p>EU \u00e4r p\u00e5 v\u00e4g i r\u00e4tt riktning med m\u00e5nga positiva f\u00f6rslag f\u00f6r klimatet, men det finns ett antal \u00e5tg\u00e4rder som fortfarande beh\u00f6vs f\u00f6r ett klimatneutralt EU och ett l\u00f6nsamt n\u00e4ringsliv utan klimatp\u00e5verkan. Rapporten fokuserar p\u00e5 ett antal direktiv inom transport, livsmedel, energi och handel.<\/p>\n<p>- Att styra om EU:s handelspolitik mot gr\u00f6na investeringar och cirkul\u00e4ritet \u00e4r helt avg\u00f6rande f\u00f6r att klara klimatomst\u00e4llningen. Sveriges nationella politik \u00e4r ofta ett resultat av beslut som tagits p\u00e5 EU-niv\u00e5 och genom v\u00e5rt medlemskap finns det stora m\u00f6jligheter att p\u00e5verka politikens inriktning. EU \u00e4r en av v\u00e4rldens st\u00f6rsta handelspartners och v\u00e4rdet av producerade varor och tj\u00e4nster inom unionen motsvarade \u00e5r 2019 16,4 biljoner euro, s\u00e4ger Nina Ekelund generalsekreterare f\u00f6r Hagainitiativet.<\/p>\n<p>&nbsp;<\/p>\n<p><a href=\"https:\/\/www.hagainitiativet.se\/files\/2021-06\/time-to-step-up-report-2021.pdf\" target=\"_blank\" rel=\"noopener\">L\u00e4s hela rapporten h\u00e4r.<\/a><\/p>\n","qoute":"","name":"","title-company":""},"_links":{"self":[{"href":"https:\/\/www.hagainitiativet.se\/en\/wp-json\/wp\/v2\/inlagg\/4939","targetHints":{"allow":["GET"]}}],"collection":[{"href":"https:\/\/www.hagainitiativet.se\/en\/wp-json\/wp\/v2\/inlagg"}],"about":[{"href":"https:\/\/www.hagainitiativet.se\/en\/wp-json\/wp\/v2\/types\/inlagg"}],"wp:featuredmedia":[{"embeddable":true,"href":"https:\/\/www.hagainitiativet.se\/en\/wp-json\/wp\/v2\/media\/4941"}],"wp:attachment":[{"href":"https:\/\/www.hagainitiativet.se\/en\/wp-json\/wp\/v2\/media?parent=4939"}],"wp:term":[{"taxonomy":"kategori","embeddable":true,"href":"https:\/\/www.hagainitiativet.se\/en\/wp-json\/wp\/v2\/kategori?post=4939"}],"curies":[{"name":"wp","href":"https:\/\/api.w.org\/{rel}","templated":true}]}}