{"id":4975,"date":"2020-10-07T13:54:00","date_gmt":"2020-10-07T11:54:00","guid":{"rendered":"https:\/\/www.hagainitiativet.se\/?post_type=inlagg&#038;p=4975"},"modified":"2022-08-15T13:56:55","modified_gmt":"2022-08-15T11:56:55","slug":"sa-tycker-svenska-eu-parlamentariker-om-eus-utslappshandel","status":"publish","type":"inlagg","link":"https:\/\/www.hagainitiativet.se\/en\/inlagg\/sa-tycker-svenska-eu-parlamentariker-om-eus-utslappshandel\/","title":{"rendered":"S\u00e5 tycker svenska EU-parlamentariker om EU:s utsl\u00e4ppshandel"},"content":{"rendered":"","protected":false},"excerpt":{"rendered":"","protected":false},"featured_media":4977,"parent":0,"template":"","kategori":[17],"class_list":["post-4975","inlagg","type-inlagg","status-publish","has-post-thumbnail","hentry","kategori-nyheter"],"meta_box":{"show_post_en":"0","text":"<p>I v\u00e5ras presenterade Hagainitiativet rapporten\u00a0<a href=\"https:\/\/www.hagainitiativet.se\/files\/2020-05\/haga-iniativet-rapport-eu-st-2020-k4.pdf\">15 f\u00f6rslag f\u00f6r ett EU ETS i linje med 1,5-gradersm\u00e5let<\/a>\u00a0inf\u00f6r att EU-kommissionen ska revidera EU:s utsl\u00e4ppshandel under 2021. Vi har skickat ut en enk\u00e4t till svenska EU-parlamentariker om vad de tycker om EU ETS utifr\u00e5n Hagainitiativets positioner. Vi har f\u00e5tt svar fr\u00e5n alla partier utom SD, C och L. Nedan presenteras partiernas svar.<\/p>\n<p><img class=\"\" src=\"https:\/\/www.hagainitiativet.se\/files\/2020-10\/bild2.jpg\" width=\"830\" height=\"467\" \/><\/p>\n<p>&nbsp;<\/p>\n<p><img class=\"\" src=\"https:\/\/www.hagainitiativet.se\/files\/2020-10\/bild3.jpg\" width=\"844\" height=\"475\" \/><\/p>\n<p>&nbsp;<\/p>\n<p><img class=\"\" src=\"https:\/\/www.hagainitiativet.se\/files\/2020-10\/bild4.jpg\" width=\"850\" height=\"478\" \/><\/p>\n<p>&nbsp;<\/p>\n<p><img class=\"\" src=\"https:\/\/www.hagainitiativet.se\/files\/2020-10\/bild6.jpg\" width=\"866\" height=\"487\" \/><\/p>\n<p><strong>Kommentar Socialdemokraterna:\u00a0<\/strong>Fr\u00e5gan om negativa utsl\u00e4pp och ber\u00e4kningen samt bokf\u00f6ringen av desamma b\u00f6r avg\u00f6ras i \u00f6verliggande EU-lagstiftning och \u00e4r kopplad till de p\u00e5g\u00e5ende f\u00f6rhandlingarna om EUs klimatlag. F\u00f6rst d\u00e4rp\u00e5 b\u00f6r dessa diskussioner f\u00f6ras i sektorsspecifik lagstiftning som ETS.<\/p>\n<p><strong>Kommentar Moderaterna:\u00a0<\/strong>Moderaterna tror att det hade varit bra att ha allt samlat i EU ETS:en och vill unders\u00f6ka det vidare. Om inte det g\u00e5r kan vi t\u00e4nka oss att st\u00f6tta en egen mekanism utanf\u00f6r EU ETS.<\/p>\n<p><img class=\"\" src=\"https:\/\/www.hagainitiativet.se\/files\/2020-10\/bild8.jpg\" width=\"873\" height=\"491\" \/><\/p>\n<p><strong>Kommentar Socialdemokraterna:\u00a0<\/strong>Flygets klimatp\u00e5verkan m\u00e5ste minska. Under ETS betalar idag flyget enkom f\u00f6r 15% av sina utsl\u00e4pp. Det \u00e4r inte rimligt eller f\u00f6renligt med en h\u00e5llbar utveckling. Vi har ocks\u00e5 reservationer g\u00e4llande utformningen och genomf\u00f6randet av CORSIA, vara klimatnytta riskerar bli otillr\u00e4cklig f\u00f6r att ligga i linje med Parisavtalet. Om s\u00e5 blir fallet ska EU ha m\u00f6jlighet att fortsatt minska flygets klimatp\u00e5verkan genom ETS \u00e4ven efter att CORSIA tr\u00e4tt ikraft.<\/p>\n<p><strong>Kommentar Moderaterna:\u00a0<\/strong>Moderaterna anser att b\u00e5de flyget och sj\u00f6farten ska vara inkluderade i EU ETS. Men f\u00f6r att undvika koldioxidl\u00e4ckage och minskad konkurrenskraft m\u00e5ste ocks\u00e5 internationella regelverk p\u00e5 plats. Vi m\u00e5ste arbeta b\u00e5de p\u00e5 EU-niv\u00e5 och internationell niv\u00e5 \u2013 d\u00e5 b\u00e5de med EU ETS och Corsia samt IMO.<\/p>\n<p><strong>Kommentar Milj\u00f6partiet:\u00a0<\/strong>Ta bort fri tilldelning och inf\u00f6r h\u00f6gh\u00f6jdseffekt.<\/p>\n<p>&nbsp;<\/p>\n<p><img class=\"\" src=\"https:\/\/www.hagainitiativet.se\/files\/2020-10\/bild10.jpg\" width=\"902\" height=\"507\" \/><\/p>\n<p>&nbsp;<\/p>\n<p><strong>\u00d6vriga kommentarer fr\u00e5n unders\u00f6kningen<\/strong><\/p>\n<p>Kristdemokraterna skriver i mail g\u00e4llande unders\u00f6kningen:<\/p>\n<p>Kristdemokraterna st\u00e5r bakom m\u00e5let om klimatneutralitet till 2050 och en ambitionsh\u00f6jning av 2030-m\u00e5len. De klimatpolitiska verktygen - som exempelvis utsl\u00e4ppshandeln - ska naturligtvis \u201dst\u00e4llas in\u201d f\u00f6r att matcha detta. Exakt vad detta inneb\u00e4r f\u00f6r utsl\u00e4ppshandeln har KOM sagt att de kommer \u00e5terkomma till efter att 2030-m\u00e5let uppdateras. Kristdemokraterna i Europaparlamentet inv\u00e4ntar detta innan vi tar st\u00e4llning r\u00f6rande detaljer kring ETS:ens framtida utformning.<\/p>\n","qoute":"","name":"","title-company":""},"_links":{"self":[{"href":"https:\/\/www.hagainitiativet.se\/en\/wp-json\/wp\/v2\/inlagg\/4975","targetHints":{"allow":["GET"]}}],"collection":[{"href":"https:\/\/www.hagainitiativet.se\/en\/wp-json\/wp\/v2\/inlagg"}],"about":[{"href":"https:\/\/www.hagainitiativet.se\/en\/wp-json\/wp\/v2\/types\/inlagg"}],"wp:featuredmedia":[{"embeddable":true,"href":"https:\/\/www.hagainitiativet.se\/en\/wp-json\/wp\/v2\/media\/4977"}],"wp:attachment":[{"href":"https:\/\/www.hagainitiativet.se\/en\/wp-json\/wp\/v2\/media?parent=4975"}],"wp:term":[{"taxonomy":"kategori","embeddable":true,"href":"https:\/\/www.hagainitiativet.se\/en\/wp-json\/wp\/v2\/kategori?post=4975"}],"curies":[{"name":"wp","href":"https:\/\/api.w.org\/{rel}","templated":true}]}}