{"id":4984,"date":"2020-09-28T14:04:00","date_gmt":"2020-09-28T12:04:00","guid":{"rendered":"https:\/\/www.hagainitiativet.se\/?post_type=inlagg&#038;p=4984"},"modified":"2022-08-15T14:05:41","modified_gmt":"2022-08-15T12:05:41","slug":"tipping-point-i-klimatfragan-fossila-satsningar-olonsamma-2","status":"publish","type":"inlagg","link":"https:\/\/www.hagainitiativet.se\/en\/inlagg\/tipping-point-i-klimatfragan-fossila-satsningar-olonsamma-2\/","title":{"rendered":"Tipping point i klimatfr\u00e5gan \u2013 fossila satsningar ol\u00f6nsamma"},"content":{"rendered":"","protected":false},"excerpt":{"rendered":"","protected":false},"featured_media":4986,"parent":0,"template":"","kategori":[17],"class_list":["post-4984","inlagg","type-inlagg","status-publish","has-post-thumbnail","hentry","kategori-nyheter"],"meta_box":{"show_post_en":"0","text":"<p><strong>Idag meddelade Preem Sverige, medlemmar i Hagainitiativet, att man drar tillbaka sin milj\u00f6tillst\u00e5ndsans\u00f6kan f\u00f6r ett utbyggt Preemraff i Lysekil.<\/strong><\/p>\n<p>Preems styrelse har, mot bakgrund av de ekonomiska framtidsutsikterna, beslutat att milj\u00f6tillst\u00e5ndsans\u00f6kan f\u00f6r Preemraff Lysekil kommer att dras tillbaka, och att ROCC-projektet avvecklas.<\/p>\n<p>- Det \u00e4r helt r\u00e4tt beslut att dra tillbaka ans\u00f6kan. En stor fossil satsning \u00e4r inte i linje med Parisavtalet, och inte heller med 1,5-gradersm\u00e5let. Ist\u00e4llet finns nu f\u00f6ruts\u00e4ttningar att g\u00f6ra en gr\u00f6n satsning. Preem avser accelerera omst\u00e4llningen vid b\u00e5da raffinaderierna, fr\u00e5n fossil produktion till f\u00f6rnybart, vilket \u00e4r en tydlig signal till marknaden att fossila satsningar \u00e4r ol\u00f6nsamma. Detta \u00e4r marknadens tipping point, s\u00e4ger Nina Ekelund.<\/p>\n<p>Preemraff \u00e4r Nordens st\u00f6rsta raffinaderi, d\u00e4rf\u00f6r s\u00e4nder detta ut viktiga signaler till hela marknaden som m\u00e5ste n\u00e5 till andra drivmedelsakt\u00f6rer. Dessa \u00e4r beroende av politiska styrmedel och EU som nu omformar sin klimatpolitik har ett gyllene tillf\u00e4lle att p\u00e5verka.<\/p>\n<p>- Dagens besked s\u00e4nder en viktig signal, nu beh\u00f6ver den signalen n\u00e5 ut i Europa d\u00e4r EU just nu reviderar unionens klimatpolitik. Det beh\u00f6vs tydliga klimatm\u00e5l i EU, en vassare utsl\u00e4ppshandel som \u00f6kar utsl\u00e4ppstakten till minst 4,5 procent. Allt f\u00f6r att l\u00e4gga om EU:s politik i linje med 1,5-gradersm\u00e5let, avslutar Nina Ekelund.<\/p>\n<p>&nbsp;<\/p>\n<p><strong>L\u00e4s\u00a0<\/strong><a href=\"https:\/\/www.hagainitiativet.se\/files\/2020-05\/haga-iniativet-rapport-eu-st-2020-k4.pdf\"><strong>Hagainitiativets 15 f\u00f6rslag f\u00f6r ett vassare EU ETS<\/strong><\/a><\/p>\n<p><strong>Presskontakt:<\/strong><br \/>\nNina Ekelund, generalsekreterare Hagainitiativet, 0735-022 464<br \/>\n<a href=\"mailto:nina.ekelund@hagainitiativet.se\">nina.ekelund@hagainitiativet.se<\/a><\/p>\n<p>&nbsp;<\/p>\n","qoute":"","name":"","title-company":""},"_links":{"self":[{"href":"https:\/\/www.hagainitiativet.se\/en\/wp-json\/wp\/v2\/inlagg\/4984","targetHints":{"allow":["GET"]}}],"collection":[{"href":"https:\/\/www.hagainitiativet.se\/en\/wp-json\/wp\/v2\/inlagg"}],"about":[{"href":"https:\/\/www.hagainitiativet.se\/en\/wp-json\/wp\/v2\/types\/inlagg"}],"wp:featuredmedia":[{"embeddable":true,"href":"https:\/\/www.hagainitiativet.se\/en\/wp-json\/wp\/v2\/media\/4986"}],"wp:attachment":[{"href":"https:\/\/www.hagainitiativet.se\/en\/wp-json\/wp\/v2\/media?parent=4984"}],"wp:term":[{"taxonomy":"kategori","embeddable":true,"href":"https:\/\/www.hagainitiativet.se\/en\/wp-json\/wp\/v2\/kategori?post=4984"}],"curies":[{"name":"wp","href":"https:\/\/api.w.org\/{rel}","templated":true}]}}