{"id":5006,"date":"2020-04-07T14:30:00","date_gmt":"2020-04-07T12:30:00","guid":{"rendered":"https:\/\/www.hagainitiativet.se\/?post_type=inlagg&#038;p=5006"},"modified":"2022-08-15T14:30:46","modified_gmt":"2022-08-15T12:30:46","slug":"ny-granskning-20-procent-av-borsens-storbolag-har-klimatmal-i-linje-med-vetenskapen","status":"publish","type":"inlagg","link":"https:\/\/www.hagainitiativet.se\/en\/inlagg\/ny-granskning-20-procent-av-borsens-storbolag-har-klimatmal-i-linje-med-vetenskapen\/","title":{"rendered":"Ny granskning: 20 procent av b\u00f6rsens storbolag har klimatm\u00e5l i linje med vetenskapen"},"content":{"rendered":"","protected":false},"excerpt":{"rendered":"","protected":false},"featured_media":5008,"parent":0,"template":"","kategori":[17],"class_list":["post-5006","inlagg","type-inlagg","status-publish","has-post-thumbnail","hentry","kategori-nyheter"],"meta_box":{"show_post_en":"0","text":"<p>PRESSMEDDELANDE 7 APRIL 2020<\/p>\n<h2><b>Ny granskning: 20 procent av b\u00f6rsens storbolag har klimatm\u00e5l i linje med vetenskapen<\/b><\/h2>\n<p><strong>I en ny rapport fr\u00e5n Hagainitiativet f\u00e5r endast 20 procent av b\u00f6rsens storbolag gr\u00f6nt ljus f\u00f6r sitt klimatarbete. Rapporten tar utg\u00e5ngspunkt i 1,5-gradersm\u00e5let och behovet av att globalt halvera utsl\u00e4ppen av v\u00e4xthusgaser fram till 2030. 80 procent av storbolagen p\u00e5 den svenska b\u00f6rsen saknar halveringsm\u00e5l till 2030 \u2013 av de \u00e5tta investerarbolagen f\u00e5r endast ett gr\u00f6nt ljus.<\/strong><\/p>\n<p>Enligt FN:s klimatpanel IPCC beh\u00f6ver \u00f6kningen av jordens medeltemperatur h\u00e5llas under 1,5 grader, f\u00f6r att undvika storskaliga och f\u00f6r\u00f6dande konsekvenser p\u00e5 ekosystem och samh\u00e4llen. Det \u00e4r ocks\u00e5 inneb\u00f6rden av Parisavtalet, som Sverige tillsammans med 200 l\u00e4nder ratificerat. F\u00f6r att klara detta beh\u00f6ver de globala utsl\u00e4ppen av v\u00e4xthusgaser halveras varje decennium och n\u00e5 nettonollutsl\u00e4pp senaste 2050. Senast inom tio \u00e5r beh\u00f6ver utsl\u00e4ppen halveras.<\/p>\n<p>- Det \u00e4r bra att ett av fem f\u00f6retag har klimatambitioner i linje med vetenskapen. De f\u00f6retagen \u00e4r viktiga f\u00f6r att inspirera de \u00f6vriga fyra att \u00f6ka sina ambitioner. Det vi upplever nu med Coronaviruset \u00e4r en stor kris och tragedi. Men vi upplever ocks\u00e5 n\u00e5got annat. Ett samh\u00e4lle d\u00e4r m\u00e4nniskor, organisationer och f\u00f6retag p\u00e5 olika s\u00e4tt agerar och bidrar. D\u00e4r vi samarbetar, t\u00e4nker utanf\u00f6r boxen, ser nya valm\u00f6jligheter och agerar. Den kraften kommer vi \u00e4ven beh\u00f6va i arbetet f\u00f6r att begr\u00e4nsa klimatf\u00f6r\u00e4ndringarna, s\u00e4ger Nina Ekelund, generalsekreterare f\u00f6r Hagainitiativet.<\/p>\n<p>Hagainitiativet har granskat 100 svenska storbolag med ett b\u00f6rsv\u00e4rde p\u00e5 minst en miljard euro, f\u00f6r att se vilka som agerar i linje med Parisavtalet.<\/p>\n<p>\u25cf 19 procent av f\u00f6retagen f\u00e5r gr\u00f6nt ljus i granskningen. Dessa f\u00f6retag har ett tydligt och siffersatt m\u00e5l om en halvering av sina v\u00e4xthusgasutsl\u00e4pp till 2030 eller tidigare.<\/p>\n<p>\u25cf 39 procent f\u00e5r gult ljus, vilket inneb\u00e4r att de har mer eller mindre ambiti\u00f6sa siffersatta klimatm\u00e5l eller m\u00e5l f\u00f6r energieffektivisering men saknar ett halveringsm\u00e5l till senast 2030.<\/p>\n<p>\u25cf 42 procent som har f\u00e5tt r\u00f6tt ljus saknar helt siffersatta klimatm\u00e5l.<\/p>\n<p>- Vi kommer inte att klara 1,5 gradersm\u00e5let i det h\u00e4r tempot. Det beh\u00f6vs ambitionsh\u00f6jningar hos alla f\u00f6retag. Alla beh\u00f6ver se \u00f6ver sina egna utsl\u00e4pp, sin v\u00e4rdekedja, sin aff\u00e4rsmodell och vilket bidrag en produkt eller tj\u00e4nst kan ha till att skynda p\u00e5 en global klimatomst\u00e4llning, avslutar Nina Ekelund.<\/p>\n<p><strong><a href=\"https:\/\/www.hagainitiativet.se\/files\/2020-04\/haga-iniativet-rapport-2020-final.pdf\">L\u00e4s rapporten h\u00e4r<\/a><\/strong><\/p>\n<p>Presskontakt:<br \/>\nNina Ekelund, generalsekreterare Hagainitiativet, 0735-022 464<br \/>\n<a href=\"mailto:nina.ekelund@hagainitiativet.se\">nina.ekelund@hagainitiativet.se<\/a><\/p>\n<p>Deniz Butros, strateg Hagainitiativet, 0764-271 580<br \/>\n<a href=\"mailto:deniz.butros@hagainitiativet.se\">deniz.butros@hagainitiativet.se<\/a><\/p>\n","qoute":"","name":"","title-company":""},"_links":{"self":[{"href":"https:\/\/www.hagainitiativet.se\/en\/wp-json\/wp\/v2\/inlagg\/5006","targetHints":{"allow":["GET"]}}],"collection":[{"href":"https:\/\/www.hagainitiativet.se\/en\/wp-json\/wp\/v2\/inlagg"}],"about":[{"href":"https:\/\/www.hagainitiativet.se\/en\/wp-json\/wp\/v2\/types\/inlagg"}],"wp:featuredmedia":[{"embeddable":true,"href":"https:\/\/www.hagainitiativet.se\/en\/wp-json\/wp\/v2\/media\/5008"}],"wp:attachment":[{"href":"https:\/\/www.hagainitiativet.se\/en\/wp-json\/wp\/v2\/media?parent=5006"}],"wp:term":[{"taxonomy":"kategori","embeddable":true,"href":"https:\/\/www.hagainitiativet.se\/en\/wp-json\/wp\/v2\/kategori?post=5006"}],"curies":[{"name":"wp","href":"https:\/\/api.w.org\/{rel}","templated":true}]}}