{"id":5009,"date":"2020-04-03T14:30:00","date_gmt":"2020-04-03T12:30:00","guid":{"rendered":"https:\/\/www.hagainitiativet.se\/?post_type=inlagg&#038;p=5009"},"modified":"2022-08-15T14:31:31","modified_gmt":"2022-08-15T12:31:31","slug":"hagainitiativets-fragor-och-svar-om-klimatfragan-under-coronakrisen","status":"publish","type":"inlagg","link":"https:\/\/www.hagainitiativet.se\/en\/inlagg\/hagainitiativets-fragor-och-svar-om-klimatfragan-under-coronakrisen\/","title":{"rendered":"Hagainitiativets fr\u00e5gor och svar om klimatfr\u00e5gan under Coronakrisen"},"content":{"rendered":"","protected":false},"excerpt":{"rendered":"","protected":false},"featured_media":5011,"parent":0,"template":"","kategori":[17],"class_list":["post-5009","inlagg","type-inlagg","status-publish","has-post-thumbnail","hentry","kategori-nyheter"],"meta_box":{"show_post_en":"0","text":"<div class=\"eight s-twelve artcontent\">\n<p>2 april 2020<\/p>\n<p><em>Pandemin orsakad av det nya coronaviruset p\u00e5verkar v\u00e5ra liv och samh\u00e4llen p\u00e5 ett aldrig sk\u00e5dat slag. Arbetet f\u00f6r att begr\u00e4nsa spridningen av viruset och r\u00e4dda liv beh\u00f6ver vara v\u00e5r fr\u00e4msta prioritet. Det g\u00e4ller oss som enskilda individer, f\u00f6retag, organisationer, myndigheter och politiker. De val vi g\u00f6r och hur vi tillsammans agerar f\u00f6r att hantera krisen kan komma att p\u00e5verka v\u00e5rt samh\u00e4lle f\u00f6r l\u00e5ng tid fram\u00f6ver.<\/em><\/p>\n<p><strong>\u00c4r Coronakrisen allvarligare \u00e4n klimatkrisen?<\/strong><br \/>\nKriser ska inte viktas mot varandra. Det inneb\u00e4r att Coronavirusets framfart just nu m\u00e5ste tas p\u00e5 st\u00f6rsta allvar och \u00e4r h\u00f6gsta prioritet p\u00e5 kort sikt, men det inneb\u00e4r ocks\u00e5 att inte negligera det hot mot v\u00e5ra samh\u00e4llen som ett varmare klimat skulle inneb\u00e4ra. Enligt FN:s klimatpanel m\u00e5ste utsl\u00e4ppen av v\u00e4xthusgaser halveras p\u00e5 tio \u00e5r. Som det ser ut nu kommer den globala uppv\u00e4rmningen n\u00e5 1,5 grader mellan 2030 och 2052. Det inneb\u00e4r att \u00e5ren mellan 2020 och 2030 kommer avg\u00f6ra ifall vi som samh\u00e4lle lyckas st\u00e4lla om fr\u00e5n business as usual till 1,5-graderssamh\u00e4llet.<\/p>\n<p><strong>Hur p\u00e5verkar Coronakrisen Parisavtalet, COP26 och andra m\u00f6tesplatser f\u00f6r klimatomst\u00e4llning?<\/strong><br \/>\nCOP26 i Glasgow st\u00e4lls in i november, likas\u00e5 f\u00f6rm\u00f6tet i Bonn, och flyttas till 2021. Detta inneb\u00e4r att viktiga beslut kring l\u00e4ndernas m\u00e5ls\u00e4ttningar (NDC) ocks\u00e5 skjuts fram\u00e5t i tiden. Den 2 april kommunicerades att Almedalen i juni ocks\u00e5 st\u00e4lls in. Detta inneb\u00e4r att tv\u00e5 centrala m\u00f6tesplatser f\u00f6r svensk och internationell klimatomst\u00e4llning nu inte kommer att \u00e4ga rum. Detta inneb\u00e4r dock inte att klimatomst\u00e4llningen ska avta. I den sv\u00e5ra stund som Sverige och v\u00e4rlden befinner sig i har politiken och n\u00e4ringslivet agerat mycket kraftfullt. Den handlingskraften kan anv\u00e4ndas i klimatomst\u00e4llningen ocks\u00e5.<\/p>\n<p><strong>\u00c4r det fel att forts\u00e4tta jobba med klimatomst\u00e4llning?<\/strong><br \/>\nAlla f\u00f6retag har olika f\u00f6ruts\u00e4ttningar, men f\u00f6r de allra flesta f\u00f6retag beh\u00f6ver h\u00e5lla fast vid sina klimatm\u00e5l och strategier. Det inneb\u00e4r att vara delaktig i de kortsiktiga besluten men framf\u00f6rallt att arbeta l\u00e5ngsiktigt f\u00f6r f\u00f6retagens l\u00f6nsamhet och d\u00e5 \u00e4r klimatarbetet avg\u00f6rande, det visar flera av Hagainitiativets unders\u00f6kningar. Det b\u00e4sta vi inom milj\u00f6- och klimatbranschen kan g\u00f6ra nu \u00e4r att bereda v\u00e4g och st\u00e4lla om f\u00f6r ett mer h\u00e5llbart samh\u00e4lle.<\/p>\n<p>&nbsp;<\/p>\n<p><strong>Vad h\u00e4nder nu?<\/strong><br \/>\nVi upplever nu en stor kris och tragedi. Men vi upplever ocks\u00e5 n\u00e5got annat. Ett samh\u00e4lle d\u00e4r m\u00e4nniskor, organisationer och f\u00f6retag p\u00e5 olika s\u00e4tt agerar och bidrar. D\u00e4r vi samarbetar, t\u00e4nker utanf\u00f6r boxen, ser nya valm\u00f6jligheter och agerar. Den kraften kommer vi \u00e4ven beh\u00f6va i arbetet f\u00f6r att begr\u00e4nsa klimatf\u00f6r\u00e4ndringarna.<\/p>\n<\/div>\n<div class=\"four s-twelve\"><\/div>\n","qoute":"","name":"","title-company":""},"_links":{"self":[{"href":"https:\/\/www.hagainitiativet.se\/en\/wp-json\/wp\/v2\/inlagg\/5009","targetHints":{"allow":["GET"]}}],"collection":[{"href":"https:\/\/www.hagainitiativet.se\/en\/wp-json\/wp\/v2\/inlagg"}],"about":[{"href":"https:\/\/www.hagainitiativet.se\/en\/wp-json\/wp\/v2\/types\/inlagg"}],"wp:featuredmedia":[{"embeddable":true,"href":"https:\/\/www.hagainitiativet.se\/en\/wp-json\/wp\/v2\/media\/5011"}],"wp:attachment":[{"href":"https:\/\/www.hagainitiativet.se\/en\/wp-json\/wp\/v2\/media?parent=5009"}],"wp:term":[{"taxonomy":"kategori","embeddable":true,"href":"https:\/\/www.hagainitiativet.se\/en\/wp-json\/wp\/v2\/kategori?post=5009"}],"curies":[{"name":"wp","href":"https:\/\/api.w.org\/{rel}","templated":true}]}}