{"id":5835,"date":"2022-08-29T17:15:06","date_gmt":"2022-08-29T15:15:06","guid":{"rendered":"https:\/\/www.hagainitiativet.se\/?post_type=inlagg&#038;p=5835"},"modified":"2022-08-30T16:55:40","modified_gmt":"2022-08-30T14:55:40","slug":"intervju-med-tomas-kaberger-ny-ordforande-i-delegationen-for-cirkular-ekonomi","status":"publish","type":"inlagg","link":"https:\/\/www.hagainitiativet.se\/en\/inlagg\/intervju-med-tomas-kaberger-ny-ordforande-i-delegationen-for-cirkular-ekonomi\/","title":{"rendered":"Intervju med Tomas K\u00e5berger, ny ordf\u00f6rande i Delegationen f\u00f6r cirkul\u00e4r ekonomi"},"content":{"rendered":"","protected":false},"excerpt":{"rendered":"","protected":false},"featured_media":5837,"parent":0,"template":"","kategori":[18,17],"class_list":["post-5835","inlagg","type-inlagg","status-publish","has-post-thumbnail","hentry","kategori-intervjuer","kategori-nyheter"],"meta_box":{"show_post_en":"0","text":"<p><strong>Blir Sverige mer och mer cirkul\u00e4rt?\u00a0<\/strong><\/p>\n<p>- Den senaste tiden har energi blivit dyrare. Det betyder att utvinning av metaller fr\u00e5n gruvor och produktion av material fr\u00e5n fossila r\u00e5varor har blivit dyrare. Samtidigt \u00f6kar transportkostnaderna. Det betyder att lokal \u00e5teranv\u00e4ndning och \u00e5tervinning av material har blivit mer l\u00f6nsamt och har skapat f\u00f6ruts\u00e4ttningar f\u00f6r en snabb \u00f6kning av samh\u00e4lleliga materialkretslopp. Det \u00e4r en stark drivkraft.<\/p>\n<p>- En annan \u00e4r att hush\u00e5llning med viktiga material ocks\u00e5 blivit s\u00e4kerhetspolitik. Den naiva globaliseringens tid \u00e4r f\u00f6rbi, och fler ser motiven f\u00f6r nationell och europeisk hush\u00e5llning med metaller och andra material.<\/p>\n<p><strong>Vad hindrar cirkulariteten idag?<\/strong><\/p>\n<p>- Brist p\u00e5 \u00e5tervinningst\u00e4nkande vid utformning av m\u00e5nga produkter, eftersom det inte finns ekonomiska drivkrafter f\u00f6r det.\u00a0 Batteriskandalen i M\u00e4lardalen som pl\u00e5gsamt tydligt visade hur sv\u00e5rt det \u00e4r att avreglera avfallshanteringen och sl\u00e4ppa fram verkligt konstruktiv kreativitet.<\/p>\n<p><strong>Vad \u00f6nskar du fr\u00e5n politiken f\u00f6r att p\u00e5skynda \u00f6kad resurseffektivitet och mer cirkul\u00e4ritet?<\/strong><\/p>\n<p>- Delegationen har skrivit \u00f6nskelistor tidigare. Jag hoppas att vi skall kunna utveckla politiken genom dialog d\u00e4r f\u00f6retagen, lagstiftare och myndigheter utvecklar gemensamma visioner och d\u00e4r alla bidrar till att f\u00f6rverkliga dem. Det kr\u00e4ver tid och engagemang fr\u00e5n alla inblandade.<\/p>\n<p><em>Tomas K\u00e5berger p\u00e5b\u00f6rjar sin roll som ordf\u00f6rande f\u00f6r Delegationen f\u00f6r cirkul\u00e4r ekonomi fr\u00e5n och med den 1 september 2022.<\/em><\/p>\n","qoute":"<p>Jag hoppas att vi skall kunna utveckla politiken genom dialog d\u00e4r f\u00f6retagen, lagstiftare och myndigheter utvecklar gemensamma visioner och d\u00e4r alla bidrar till att f\u00f6rverkliga dem. Det kr\u00e4ver tid och engagemang fr\u00e5n alla inblandade.<\/p>\n","name":"Tomas K\u00e5berger","title-company":"ordf\u00f6rande i Delegationen f\u00f6r cirkul\u00e4r ekonomi"},"_links":{"self":[{"href":"https:\/\/www.hagainitiativet.se\/en\/wp-json\/wp\/v2\/inlagg\/5835","targetHints":{"allow":["GET"]}}],"collection":[{"href":"https:\/\/www.hagainitiativet.se\/en\/wp-json\/wp\/v2\/inlagg"}],"about":[{"href":"https:\/\/www.hagainitiativet.se\/en\/wp-json\/wp\/v2\/types\/inlagg"}],"wp:featuredmedia":[{"embeddable":true,"href":"https:\/\/www.hagainitiativet.se\/en\/wp-json\/wp\/v2\/media\/5837"}],"wp:attachment":[{"href":"https:\/\/www.hagainitiativet.se\/en\/wp-json\/wp\/v2\/media?parent=5835"}],"wp:term":[{"taxonomy":"kategori","embeddable":true,"href":"https:\/\/www.hagainitiativet.se\/en\/wp-json\/wp\/v2\/kategori?post=5835"}],"curies":[{"name":"wp","href":"https:\/\/api.w.org\/{rel}","templated":true}]}}