{"id":5850,"date":"2022-09-01T08:18:07","date_gmt":"2022-09-01T06:18:07","guid":{"rendered":"https:\/\/www.hagainitiativet.se\/?post_type=inlagg&#038;p=5850"},"modified":"2022-09-26T11:08:05","modified_gmt":"2022-09-26T09:08:05","slug":"naringslivet-vill-se-omtag-i-klimatpolitiken","status":"publish","type":"inlagg","link":"https:\/\/www.hagainitiativet.se\/en\/inlagg\/naringslivet-vill-se-omtag-i-klimatpolitiken\/","title":{"rendered":"Seminarium: N\u00e4ringslivet vill se omtag i klimatpolitiken"},"content":{"rendered":"","protected":false},"excerpt":{"rendered":"","protected":false},"featured_media":6090,"parent":0,"template":"","kategori":[17,16],"class_list":["post-5850","inlagg","type-inlagg","status-publish","has-post-thumbnail","hentry","kategori-nyheter","kategori-seminarier"],"meta_box":{"show_post_en":"0","text":"<p><strong>Datum:<\/strong> 28 september 2022<br \/>\n<strong>Tid:<\/strong> 08.00 \u2013 10.00 (frukost vid 07.45)<br \/>\n<strong>Plats:<\/strong> Scandic Continental Hotell, Vasagatan 22 i Stockholm<\/p>\n<p>Sveriges konkurrenskraft och fortsatta internationella ledarskap i klimatomst\u00e4llningen kr\u00e4ver en aktiv och smart klimatpolitik. F\u00f6r att n\u00e5 dit m\u00e5ste politiken kunna hantera flera fr\u00e5gor samtidigt. Det beh\u00f6vs prioriteringar och en tydlig f\u00e4rdriktning. D\u00e4rf\u00f6r har Hagainitiativet tagit fram rapporten <em>Omtag i klimatpolitiken<\/em> som visar p\u00e5 komplexiteten, utmaningarna och m\u00f6jligheterna. Vi kommer bland annat att diskutera:<\/p>\n<ul>\n<li>Hur Sveriges n\u00e4ringsliv kan accelerera utvecklingen inom energi- och resursanv\u00e4ndning, fossilfri elektrifiering, bioenergi och negativa utsl\u00e4pp?<\/li>\n<li>Hur Sverige kan utnyttja ordf\u00f6randeskap i EU under v\u00e5ren 2023 samt bidra till global klimatnytta?<\/li>\n<li>Vad n\u00e4ringslivet vill se i den kommande regeringens klimathandlingsplan som ska presenteras under 2023?<\/li>\n<li>Hur ser den politiska viljan ut? Vad vill politikerna?<\/li>\n<\/ul>\n<p>&nbsp;<\/p>\n<p><strong>Medverkande:<\/strong><\/p>\n<p>Politik:<br \/>\nKjell-Arne Ottosson, riksdagsledamot (KD)<br \/>\nLorena Delgado Varas, riksdagsledamot (V)<br \/>\nRickard Nordin, riksdagsledamot (C)<br \/>\nHelena Gellerman, riksdagsledamot (L)<br \/>\nPer Bolund, riksdagsledamot (MP)<br \/>\nIsak From, riksdagsledamot (S)<br \/>\nJohan Hultberg, riksdagsledamot (M)<\/p>\n<p>F\u00f6retag:<br \/>\nMagnus Heimburg, vd, Preem<br \/>\nLina H\u00e5kansdotter, vp samh\u00e4llskontakter, H2 Green Steel<br \/>\nUlf Wikstr\u00f6m, h\u00e5llbarhetschef, Stockholm Exergi<\/p>\n<p>Branschorganisationer:<br \/>\nLotta B\u00e5ngens, vd, Energieffektiviseringsf\u00f6retagen, EEF<br \/>\n\u00c5sa Pettersson, vd, Energif\u00f6retagen<br \/>\nMaria Rosendahl, n\u00e4ringspolitisk chef, Teknikf\u00f6retagen<br \/>\nHel\u00e9n Axelsson, energi- och milj\u00f6direkt\u00f6r, Jernkontoret<br \/>\nPernilla Winnhed, chef f\u00f6r N\u00e4ringspolitik &amp; F\u00f6retagande, LRF<\/p>\n<p>Hagainitiativet:<br \/>\nMartin Flack, projektledare, Hagainitiativet<br \/>\nNina Ekelund, generalsekreterare, Hagainitiativet (moderator)<\/p>\n<p><strong>Fler medverkande tillkommer<\/strong><\/p>\n<p>Anm\u00e4l dig<a href=\"https:\/\/www.eventbrite.com\/e\/naringslivet-vill-se-omtag-i-klimatpolitiken-biljetter-411361050977\"> <strong>h\u00e4r<\/strong><\/a><\/p>\n","qoute":"","name":"","title-company":""},"_links":{"self":[{"href":"https:\/\/www.hagainitiativet.se\/en\/wp-json\/wp\/v2\/inlagg\/5850","targetHints":{"allow":["GET"]}}],"collection":[{"href":"https:\/\/www.hagainitiativet.se\/en\/wp-json\/wp\/v2\/inlagg"}],"about":[{"href":"https:\/\/www.hagainitiativet.se\/en\/wp-json\/wp\/v2\/types\/inlagg"}],"wp:featuredmedia":[{"embeddable":true,"href":"https:\/\/www.hagainitiativet.se\/en\/wp-json\/wp\/v2\/media\/6090"}],"wp:attachment":[{"href":"https:\/\/www.hagainitiativet.se\/en\/wp-json\/wp\/v2\/media?parent=5850"}],"wp:term":[{"taxonomy":"kategori","embeddable":true,"href":"https:\/\/www.hagainitiativet.se\/en\/wp-json\/wp\/v2\/kategori?post=5850"}],"curies":[{"name":"wp","href":"https:\/\/api.w.org\/{rel}","templated":true}]}}