{"id":6093,"date":"2022-09-22T15:44:18","date_gmt":"2022-09-22T13:44:18","guid":{"rendered":"https:\/\/www.hagainitiativet.se\/?post_type=inlagg&#038;p=6093"},"modified":"2022-09-22T15:44:19","modified_gmt":"2022-09-22T13:44:19","slug":"nina-ekelund-om-valutgangen-2022","status":"publish","type":"inlagg","link":"https:\/\/www.hagainitiativet.se\/en\/inlagg\/nina-ekelund-om-valutgangen-2022\/","title":{"rendered":"Nina Ekelund om valutg\u00e5ngen 2022"},"content":{"rendered":"","protected":false},"excerpt":{"rendered":"","protected":false},"featured_media":2450,"parent":0,"template":"","kategori":[17],"class_list":["post-6093","inlagg","type-inlagg","status-publish","has-post-thumbnail","hentry","kategori-nyheter"],"meta_box":{"show_post_en":"0","text":"<p>Tillsammans med flera h\u00e5llbarhetsprofiler kommenterar idag Nina Ekelund\u00a0valet 2022 i\u00a0Aktuell H\u00e5llbarhet. Ekelund kommenterar valets utg\u00e5ng kopplat till milj\u00f6-och klimatfr\u00e5gorna:<\/p>\n<p>\u201cF\u00f6retag vill ha f\u00f6ruts\u00e4gbarhet, l\u00e5ngsiktighet och g\u00e4rna beslut \u00f6ver blockgr\u00e4nserna. Instabilitet skapar os\u00e4kerhet och f\u00f6rsv\u00e5rar investeringar f\u00f6r f\u00f6retagen. Hur ska man v\u00e5ga satsa p\u00e5 gr\u00f6na investeringar n\u00e4r man inte \u00e4r s\u00e4ker p\u00e5 vilken politik som g\u00e4ller? Det kommer kr\u00e4vas uppg\u00f6relser \u00f6ver blockgr\u00e4nserna f\u00f6r att h\u00e5lla tempo i klimatomst\u00e4llningen och f\u00f6r att kunna driva p\u00e5 EU p\u00e5 proaktivt s\u00e4tt. Sverige ska vara ordf\u00f6rande i EU v\u00e5ren 2023 och ytterst lite finns om EU i partiernas valmanifest. Men n\u00e4r valdammet lagt sig s\u00e5 kanske de \u00e4r redo f\u00f6r samarbete, det \u00e4r min f\u00f6rhoppning.\u201d<\/p>\n<p>L\u00e4s de andra h\u00e5llparhetsprofilernas analyser och Ekelunds kommentar i sin helhet <a href=\"https:\/\/www.aktuellhallbarhet.se\/miljo\/miljopolitik\/hallbarhetsproffsen-om-valet-2022-naringslivet-ar-redo-nu-maste-politikerna-kliva-fram\/\">h\u00e4r<\/a>.<\/p>\n","qoute":"","name":"","title-company":""},"_links":{"self":[{"href":"https:\/\/www.hagainitiativet.se\/en\/wp-json\/wp\/v2\/inlagg\/6093","targetHints":{"allow":["GET"]}}],"collection":[{"href":"https:\/\/www.hagainitiativet.se\/en\/wp-json\/wp\/v2\/inlagg"}],"about":[{"href":"https:\/\/www.hagainitiativet.se\/en\/wp-json\/wp\/v2\/types\/inlagg"}],"wp:featuredmedia":[{"embeddable":true,"href":"https:\/\/www.hagainitiativet.se\/en\/wp-json\/wp\/v2\/media\/2450"}],"wp:attachment":[{"href":"https:\/\/www.hagainitiativet.se\/en\/wp-json\/wp\/v2\/media?parent=6093"}],"wp:term":[{"taxonomy":"kategori","embeddable":true,"href":"https:\/\/www.hagainitiativet.se\/en\/wp-json\/wp\/v2\/kategori?post=6093"}],"curies":[{"name":"wp","href":"https:\/\/api.w.org\/{rel}","templated":true}]}}