{"id":6156,"date":"2022-10-23T21:32:28","date_gmt":"2022-10-23T19:32:28","guid":{"rendered":"https:\/\/www.hagainitiativet.se\/?post_type=inlagg&#038;p=6156"},"modified":"2022-10-24T11:57:20","modified_gmt":"2022-10-24T09:57:20","slug":"johan-rockstrom-om-nya-regeringen-och-cop27","status":"publish","type":"inlagg","link":"https:\/\/www.hagainitiativet.se\/en\/inlagg\/johan-rockstrom-om-nya-regeringen-och-cop27\/","title":{"rendered":"Johan Rockstr\u00f6m om nya regeringen och COP27"},"content":{"rendered":"","protected":false},"excerpt":{"rendered":"","protected":false},"featured_media":6163,"parent":0,"template":"","kategori":[18],"class_list":["post-6156","inlagg","type-inlagg","status-publish","has-post-thumbnail","hentry","kategori-intervjuer"],"meta_box":{"show_post_en":"0","text":"<p><em>Vi i Hagainitiativet fick en intervju med professor Johan Rockstr\u00f6m med anledning av den nya regeringen och klimatm\u00f6tet, COP27, i Sharm El-Sheikh om n\u00e5gra veckor.<\/em><\/p>\n<p>&nbsp;<\/p>\n<p><strong>Vi har en ny regering i Sverige \u2013 vad har du p\u00e5 din \u00f6nskelista?<\/strong><\/p>\n<p>- Det viktigaste nu \u00e4r att f\u00f6rst\u00e5 (och bedriva politik d\u00e4refter) att vi \u00e4r mitt i en utbudskris, inte en efterfr\u00e5gekris. Flaskhalsen \u00e4r brist p\u00e5 energi, som \u00f6kar priserna p\u00e5 allt fr\u00e5n br\u00f6d till plank. Anledningen \u00e4r att Europa under \u00e5rtionden har till\u00e5tit sig att vara helt beroende p\u00e5 billig import av naturgas, olja och kol. N\u00e4r Ryssland f\u00f6rst\u00f6r denna oh\u00e5llbara v\u00e4rldsordning genom sitt olagliga och vidriga krig mot Ukraina, s\u00e5 hamnar vi i \"skiten\".<\/p>\n<p>- 30 \u00e5r av underinvestering i vind, sol, biogas, syntetiska br\u00e4nslen, och biobr\u00e4nslen, leder fram till denna situation. Vi har f\u00f6r lite egen energi (Sverige och Europa) n\u00e4r Putins kranar skruvas \u00e5t. I det l\u00e4get \u00e4r f\u00f6rst\u00e5s inte l\u00f6sningen att kompensera industri och hush\u00e5ll genom att s\u00e4nka energipriserna (exempelvis h\u00f6gskostnadsskydd och s\u00e4nkt reduktionsplikt). Det leder bara till fortsatt h\u00f6g efterfr\u00e5gan, och g\u00f6der Putins krigskassa. Nu beh\u00f6vs incitament f\u00f6r att accelerera omst\u00e4llningen till fossilfrihet, och det snabbt. D\u00e5 m\u00e5ste vi v\u00e4nda \"sm\u00e4rtan\" av de h\u00f6ga priserna, till v\u00e5r f\u00f6rdel. Detta \u00e4r det perfekta incitamentet f\u00f6r energibesparingar, och att nu investera och satsa allt p\u00e5 att snabba p\u00e5 energiomst\u00e4llningen.<\/p>\n<p>- Till r\u00e5ga p\u00e5 allt el\u00e4nde, tvingar inflationen (som orsakas av energikrisen) Riksbanken att h\u00f6ja r\u00e4ntan. Det g\u00f6r det \u00e4nnu sv\u00e5rare att p\u00e5skynda investeringar i f\u00f6rnybar energi. Vi l\u00e5ser fast oss i ett status-quo t\u00e4nkande. Nu m\u00e5ste vi bryta oss loss och satsa allt p\u00e5 inhemskt energioberoende.<\/p>\n<p>- Sj\u00e4lvklart m\u00e5ste l\u00e5ginkomsttagare i elprisomr\u00e5de 3 och 4 kompenseras, men det kan g\u00f6ras p\u00e5 annat s\u00e4tt \u00e4n att med skattemedel s\u00e4nka energipriserna. Det \u00e4r mera effektivt med direkta utbetalningar till hush\u00e5ll (och kanske f\u00f6retag) f\u00f6r att undvika att f\u00f6rlora drivkraften f\u00f6r energibesparing och omst\u00e4llning.<\/p>\n<p><strong>H\u00f6ga klimatambitioner och acceptans \u2013 hur tycker du att regeringen ska driva klimatfr\u00e5gan samtidigt som de \u00f6kar acceptansen f\u00f6r klimatomst\u00e4llningen i samh\u00e4llet?<\/strong><\/p>\n<p>- Det \u00e4r oerh\u00f6rt olyckligt att vi precis i detta skede av (1) en ekonomisk kris orsakad av olja och gas, samtidigt (2) har en ny regeringen som uppenbarligen inte tar klimatkrisen p\u00e5 allvar.<\/p>\n<p>- Detta \u00e4r en ytterst problematisk kombination som riskerar att leda till att regeringen bara f\u00f6rv\u00e4rrar situationen, genom att sp\u00e4da p\u00e5 (med skattemedel) \u00e4nnu st\u00f6rre bensin-, diesel- och gaskonsumtion, vilket f\u00f6rv\u00e4rrar klimatkrisen och f\u00f6rsvagar Sveriges ekonomi och industri \u00e4nnu mer.<\/p>\n<p>- Det finns dessutom en stor risk att regeringens vacklande i klimat- och milj\u00f6politiken, skadar svensk industri. Svenska f\u00f6retagsledare har i stort sett redan klivit p\u00e5 klimatomst\u00e4llningen, och ser m\u00f6jligheter i att skapa \u00e4n b\u00e4ttre konkurrenskraft, l\u00f6nsamhet och jobb, genom att vara frontinnovat\u00f6rer i klimatomst\u00e4llningen till fossilfrihet. Detta g\u00e4ller alla sektorer i ekonomin; fr\u00e5n st\u00e5ltillverkning, lastvagnar, bilar, till mat, kl\u00e4der och m\u00f6bler.<\/p>\n<p>- Svensk industri ser klimatomst\u00e4llningen b\u00e5de som n\u00f6dv\u00e4ndig och en stor m\u00f6jlighet. Vi \u00e4r mitt inne i en ny fas i den moderna digitala och h\u00e5llbara industriella utvecklingen. Det \u00e4r avg\u00f6rande att svensk regering forts\u00e4tter att st\u00f6dja denna utveckling.<\/p>\n<p><strong>Vad vill du se att f\u00f6retagens styrelser har p\u00e5 agendan?<\/strong><\/p>\n<p>- Det \u00e4r tv\u00e5 trender som jag ser det. Den f\u00f6rsta \u00e4r att f\u00f6retag tar rapporteringen av hur de lyckas i klimat- och h\u00e5llbarhetsarbetet p\u00e5 allt st\u00f6rre allvar. Allt ifr\u00e5n klimatrapportering l\u00e4ngs hela v\u00e4rdekedjor (Scope 1, 2 och 3), till ESG-arbetet och anpassning till EU:s taxonomi, skapar nya m\u00e4tpunkter f\u00f6r f\u00f6retagens framg\u00e5ng.<\/p>\n<p>- Den andra trenden \u00e4r att klimat- och h\u00e5llbarhetsfr\u00e5gorna nu f\u00f6rflyttat sig permanent fr\u00e5n h\u00e5llbarhetsavdelningarna till f\u00f6retagsledning och styrelser. Det \u00e4r tydligt att klimat och milj\u00f6 \u00e4r fr\u00e5gor som r\u00f6r kostnadseffektivitet, innovation och konkurrenskraft. I vissa branscher, som inom bilindustrin, handlar det om \u00f6verlevnad, d\u00e4r v\u00e4gen bort fr\u00e5n f\u00f6rbr\u00e4nningsmotorn \u00e4r enda chansen att kunna konkurrera p\u00e5 v\u00e4rldens marknader.<\/p>\n<p><strong>Vad hoppas du blir det b\u00e4sta utfallet fr\u00e5n klimatm\u00f6tet COP27?<\/strong><\/p>\n<p>- Jag \u00e4r oroad \u00f6ver COP27. V\u00e4rlden kommer till Sharm El-Sheikh i ett l\u00e4ge d\u00e4r v\u00e4rldens l\u00e4nder inte levererar p\u00e5 sina ing\u00e5ngna planer (NDC:s) och l\u00f6ften (alla \"netto-noll\" planer som \u00f6ver 70 l\u00e4nder som representerar n\u00e4sta 80 procent av v\u00e4rldens utsl\u00e4pp antagit). Dessutom har inte den \"rika\" v\u00e4rlden lagt upp tillr\u00e4ckligt med finansiella resurser f\u00f6r att st\u00f6dja utvecklingsl\u00e4ndernas omst\u00e4llning och anpassning.<\/p>\n<p>- Och detta sker n\u00e4r v\u00e4rlden g\u00e5tt igenom ytterligare ett \u00e5r med rekordm\u00e5nga allvarliga klimatextremer som slagit h\u00e5rt mot Pakistan (\u00f6versv\u00e4mningar), Indien (torka och v\u00e4rmeb\u00f6lja), Afrikas horn (torka och sv\u00e4lt). Detta \u00e4r det f\u00f6rsta \"Afrikanska COP-m\u00f6tet\" och fokus kommer vara p\u00e5 anpassning och kompensation f\u00f6r klimatskada (loss and damage). N\u00e4r v\u00e4rldens utvecklade l\u00e4nder inte levererar p\u00e5 sina utf\u00e4stelser f\u00f6r att minska framtida klimatskador (genom att minska utsl\u00e4ppen) och dessutom inte bidrar med tillr\u00e4cklig finansiering, d\u00e5 \u00e4r risken stor att vi kommer se destruktiva f\u00f6rhandlingar mellan nord och syd.<\/p>\n<p>- Pakistan kommer att kr\u00e4va kompensation f\u00f6r att 33 miljoner m\u00e4nniskor f\u00f6rlorar hela sin f\u00f6rs\u00f6rjningsbas i \u00f6versv\u00e4mningarna. Och v\u00e4rldens rika l\u00e4nder kommer ha sv\u00e5rt att svara upp till kraven. Detta riskerar att l\u00e5sa f\u00f6rhandlingarna i ett l\u00e4ge d\u00e4r all kraft m\u00e5ste ligga p\u00e5 att accelerera urfasningen av olja, kol och gas, och dessutom g\u00f6ra stora insatser f\u00f6r att s\u00e4kra kols\u00e4nkorna i naturen p\u00e5 land och i havet.<\/p>\n<p>&nbsp;<\/p>\n","qoute":"<p>Svensk industri ser klimatomst\u00e4llningen b\u00e5de som n\u00f6dv\u00e4ndig och en stor m\u00f6jlighet. Vi \u00e4r mitt inne i en ny fas i den moderna digitala och h\u00e5llbara industriella utvecklingen. Det \u00e4r avg\u00f6rande att svensk regering forts\u00e4tter att st\u00f6dja denna utveckling.<\/p>\n","name":"Johan Rockstr\u00f6m","title-company":"Professor i milj\u00f6vetenskap Stockholms universitet och chef f\u00f6r Potsdam Institute for Climate Impact Research (PIK)"},"_links":{"self":[{"href":"https:\/\/www.hagainitiativet.se\/en\/wp-json\/wp\/v2\/inlagg\/6156","targetHints":{"allow":["GET"]}}],"collection":[{"href":"https:\/\/www.hagainitiativet.se\/en\/wp-json\/wp\/v2\/inlagg"}],"about":[{"href":"https:\/\/www.hagainitiativet.se\/en\/wp-json\/wp\/v2\/types\/inlagg"}],"wp:featuredmedia":[{"embeddable":true,"href":"https:\/\/www.hagainitiativet.se\/en\/wp-json\/wp\/v2\/media\/6163"}],"wp:attachment":[{"href":"https:\/\/www.hagainitiativet.se\/en\/wp-json\/wp\/v2\/media?parent=6156"}],"wp:term":[{"taxonomy":"kategori","embeddable":true,"href":"https:\/\/www.hagainitiativet.se\/en\/wp-json\/wp\/v2\/kategori?post=6156"}],"curies":[{"name":"wp","href":"https:\/\/api.w.org\/{rel}","templated":true}]}}