{"id":6295,"date":"2022-12-20T12:13:14","date_gmt":"2022-12-20T11:13:14","guid":{"rendered":"https:\/\/www.hagainitiativet.se\/?post_type=inlagg&#038;p=6295"},"modified":"2023-01-05T07:44:09","modified_gmt":"2023-01-05T06:44:09","slug":"julhalsningar-fran-hagaforetagen","status":"publish","type":"inlagg","link":"https:\/\/www.hagainitiativet.se\/en\/inlagg\/julhalsningar-fran-hagaforetagen\/","title":{"rendered":"Julh\u00e4lsningar fr\u00e5n Hagaf\u00f6retagen"},"content":{"rendered":"","protected":false},"excerpt":{"rendered":"","protected":false},"featured_media":6368,"parent":0,"template":"","kategori":[17],"class_list":["post-6295","inlagg","type-inlagg","status-publish","has-post-thumbnail","hentry","kategori-nyheter"],"meta_box":{"show_post_en":"0","text":"<p>H\u00e4r kommer Hagaf\u00f6retagens julklappar fr\u00e5n sina f\u00f6retag till klimatomst\u00e4llningen och vad de \u00f6nskar sig fr\u00e5n politiken i julklapp. God Jul!<\/p>\n<p><strong>Stockholm Exergi, Ulf Wikstr\u00f6m, h\u00e5llbarhetschef<\/strong><\/p>\n<blockquote><p><strong><em>Vad \u00e4r ditt f\u00f6retags julklapp till klimatomst\u00e4llningen?\u00a0<\/em><\/strong><br \/>\n<em>- Stockholm Exergi kommer under 2023 jobba intensivt med att bereda milj\u00f6tillst\u00e5nd f\u00f6r v\u00e5r anl\u00e4ggning f\u00f6r negativa utsl\u00e4pp som har en potential att samla in n\u00e4rmare 800 000 ton koldioxid fr\u00e5n atmosf\u00e4ren.<\/em><\/p>\n<p><strong>Vad \u00f6nskar du dig i julklapp fr\u00e5n politiken p\u00e5 klimatomr\u00e5det?\u00a0<\/strong><br \/>\n- Att regering och n\u00e4ringslivet kan kroka arm f\u00f6r att hitta gemensamma l\u00f6sningar p\u00e5 hur vi tar oss an klimatutmaningen. Och det vore v\u00e4ldigt bra om regeringen under sitt ordf\u00f6randeskap i EU, kan arbeta f\u00f6r att biomassa klassas som h\u00e5llbart. Det \u00e4r viktigt f\u00f6r f\u00f6retagen men avg\u00f6rande f\u00f6r Sverige f\u00f6r att n\u00e5 klimatm\u00e5len.<\/p><\/blockquote>\n<p><strong>L\u00f6fbergs, Kajsa-Lisa Ljud\u00e9n, h\u00e5llbarhetschef<\/strong><\/p>\n<blockquote><p><strong>Vad \u00e4r ditt f\u00f6retags julklapp till klimatomst\u00e4llningen?<\/strong><br \/>\n- V\u00e5r julklapp \u00e4r att vi forts\u00e4tter bidra till en v\u00e4rld d\u00e4r b\u00e5de m\u00e4nniskor och kaffe kan v\u00e4xa. De senaste tre \u00e5ren har vi minskat v\u00e5r klimatp\u00e5verkan med hela 90 procent, nu s\u00e4tter vi nya tuffa klimatm\u00e5l d\u00e4r vi siktar p\u00e5 att bidra till att klimatutsl\u00e4ppen i andra delar av v\u00e5r v\u00e4rdekedja minskar med 30 procent.<\/p>\n<p><strong>Vad \u00f6nskar du dig i julklapp fr\u00e5n politiken p\u00e5 klimatomr\u00e5det?<\/strong><br \/>\n- Att politiken \u00e4ndrar inst\u00e4llning kring klimatm\u00e5len fr\u00e5n \u201dN\u00e5r vi inte m\u00e5len s\u00e5 g\u00f6r vi inte det\u201d till \u201dTillsammans med n\u00e4ringslivet ser vi till att n\u00e5 m\u00e5len!\u201d<\/p><\/blockquote>\n<p><strong>Axfood, \u00c5sa Domeij, h\u00e5llbarhetschef<\/strong><\/p>\n<blockquote><p><strong>Vad \u00e4r ditt f\u00f6retags julklapp till klimatomst\u00e4llningen?\u00a0<\/strong><br \/>\n- Framg\u00e5ngsrik omst\u00e4llning av lastbilsflottan till f\u00f6rnyelsebart och el, nya innovativa produkter som till exempel fish-cakes baserad p\u00e5 braxen som annars inte tas tillvara och svensk \u00e5kerb\u00f6na samt v\u00e5r f\u00f6rslag till en h\u00e5llbar livsmedelsstrategi f\u00f6r Sverige, Mat2030.<\/p>\n<p><strong>Vad \u00f6nskar du dig i julklapp fr\u00e5n politiken p\u00e5 klimatomr\u00e5det?\u00a0<\/strong><br \/>\n- Tydliga styrmedel p\u00e5 klimatomr\u00e5det, se till att det som \u00e4r r\u00e4tt f\u00f6r klimatet blir l\u00f6nsamt f\u00f6r f\u00f6retagen.<\/p><\/blockquote>\n<p><strong>Swedbank, Fredrik Nilz\u00e9n, h\u00e5llbarhetschef<\/strong><\/p>\n<blockquote><p><strong>Vad \u00e4r ditt f\u00f6retags julklapp till klimatomst\u00e4llningen?<\/strong><br \/>\n- F\u00f6r att motverka klimatf\u00f6r\u00e4ndringarna har Swedbank antagit klimatm\u00e5l f\u00f6r kreditportf\u00f6ljen f\u00f6r \u00e5r 2030. M\u00e5len \u00e4r i linje med det globala 1,5-graders m\u00e5let och omfattar sektorerna: bol\u00e5n, kommersiella fastigheter, kraftproduktion, olja och gas samt st\u00e5l. Detta \u00e4r en del av Swedbanks \u00e5tagande inom Science-Based Targets initiative samt Net-Zero Banking Alliance.<\/p>\n<p><strong>Vad \u00f6nskar du dig i julklapp fr\u00e5n politiken p\u00e5 klimatomr\u00e5det?<\/strong><br \/>\n- Ett globalt pris p\u00e5 koldioxid kompletterat med utvecklade regleringsbrev till v\u00e5ra svenska myndigheter f\u00f6r att praktiskt st\u00f6dja klimatomst\u00e4llningen.<\/p><\/blockquote>\n<p><strong>Coca-Cola Europacific Partners Sverige, Lisa Wahlstr\u00f6m, kommunikations- och h\u00e5llbarhetsdirekt\u00f6r<\/strong><\/p>\n<blockquote><p><strong>Vad \u00e4r ditt f\u00f6retags julklapp till klimatomst\u00e4llningen?<\/strong><br \/>\n- En Coca-Cola zero sugar flaska som \u00e4r producerad p\u00e5 v\u00e5r klimatneutrala anl\u00e4ggning i Jordbro.\u00a0Den har fastsittande kork och best\u00e5r av 100 procent \u00e5tervunnen plast, vilket \u00e4r mycket b\u00e4ttre f\u00f6r klimatet och milj\u00f6n \u00e4n jungfrulig plast.<\/p>\n<p><strong>Vad \u00f6nskar du dig i julklapp fr\u00e5n politiken p\u00e5 klimatomr\u00e5det?<\/strong><br \/>\n- L\u00e5ngsiktighet och incitament f\u00f6r att cirkul\u00e4rt material inte ska vara dyrare \u00e4n jungfruligt material.<\/p><\/blockquote>\n<p><strong>Folksam, Karin Stenmar, h\u00e5llbarhetschef<\/strong><\/p>\n<blockquote><p><strong>Vad \u00e4r ditt f\u00f6retags julklapp till klimatomst\u00e4llningen?<\/strong><br \/>\n- Att\u00a01,8 miljoner svenska hush\u00e5ll har f\u00e5tt Bra Milj\u00f6valsm\u00e4rkta hemf\u00f6rs\u00e4kringar i \u00e5r.<\/p>\n<p><strong>Vad \u00f6nskar du dig i julklapp fr\u00e5n politiken p\u00e5 klimatomr\u00e5det?<\/strong><br \/>\n- Globalt, ett h\u00f6gt pris p\u00e5 koldioxid. Lokalt, att den nya regeringen skulle vurma lika mycket f\u00f6r \u00f6vriga fossilfria energislag som de vurmar f\u00f6r k\u00e4rnkraft.<\/p><\/blockquote>\n<p><strong>HKScan Sweden, Maria H\u00e4ger, h\u00e5llbarhetschef<\/strong><\/p>\n<blockquote><p><strong>Vad \u00e4r ditt f\u00f6retags julklapp till klimatomst\u00e4llningen?<\/strong><br \/>\n- Trots tuffa tider beh\u00e5ller vi fokuset p\u00e5 det l\u00e5ngsiktiga klimatarbetet i n\u00e4ra samarbete med v\u00e5ra svenska b\u00f6nder f\u00f6r ett \u00e4nnu mer klimatmedvetet jordbruk och djuruppf\u00f6dning med \u00f6kad biologisk m\u00e5ngfald och b\u00e4ttre jord- och djurh\u00e4lsa som direkt f\u00f6ljd.<\/p>\n<p><strong>Vad \u00f6nskar du dig i julklapp fr\u00e5n politiken p\u00e5 klimatomr\u00e5det?<\/strong><br \/>\n- Att konkretisera arbetet med en uppdatering av den nationella livsmedelsstrategin, vilket samtliga partier sade sig vara beredda att g\u00f6ra i Almedalen tidigare i \u00e5r. En tydlig avsiktsf\u00f6rklaring om en s\u00e5dan uppdatering skulle s\u00e4nda viktiga signaler vad g\u00e4ller ambitionerna f\u00f6r en \u00f6kad inhemsk livsmedelsf\u00f6rs\u00f6rjning och \u00e4ven l\u00e4gga grunden f\u00f6r b\u00e4ttre ekonomiska f\u00f6ruts\u00e4ttningar f\u00f6r investeringar i klimatsmart teknik och klimatanpassningar av jordbruks- och livsmedelssektorn.<\/p><\/blockquote>\n<p><strong>Stena Recycling, Sara Davidsson, milj\u00f6chef<\/strong><\/p>\n<blockquote><p><strong>Vad \u00e4r ditt f\u00f6retags julklapp till klimatomst\u00e4llningen?<\/strong><br \/>\n- Stena Recyclings nya battericenter i Halmstad. Med en \u00f6kande elbilsf\u00f6rs\u00e4ljning och stigande efterfr\u00e5gan p\u00e5 r\u00e5varor f\u00f6r batteritillverkning h\u00f6js kraven p\u00e5 att batterierna ska kunna \u00e5tervinnas i st\u00f6rre utstr\u00e4ckning och Stena Recycling satsar d\u00e4rf\u00f6r p\u00e5 att bli en ledande akt\u00f6r inom \u00e5tervinning av fordonsbatterier i Europa.<\/p>\n<p><strong>Vad \u00f6nskar du dig i julklapp fr\u00e5n politiken p\u00e5 klimatomr\u00e5det?<\/strong><br \/>\n- Teknikneutrala styrmedel som fr\u00e4mjar icke-fossila energislag och cirkul\u00e4ra initiativ s\u00e5som \u00f6kade anslag till innovationer som fr\u00e4mjar omst\u00e4llning till mer cirkul\u00e4ra fl\u00f6den samt\u00a0direktiv till offentlig sektor att fr\u00e4mja l\u00f6sningar med l\u00e4gre klimatp\u00e5verkan i ink\u00f6p.<\/p><\/blockquote>\n<p><strong>McDonald's Sverige, Henrik Nerell, h\u00e5llbarhetschef<\/strong><\/p>\n<blockquote><p><strong>Vad \u00e4r ditt f\u00f6retags julklapp till klimatomst\u00e4llningen?<\/strong><br \/>\n- De plastminskningar som vi gjort i vinter \u00e4r en \u00e5terf\u00f6rbrukning av eng\u00e5ngsplast p\u00e5 cirka\u00a0150 ton och har tagits bort under november till december.<\/p>\n<p><strong>Vad \u00f6nskar du dig i julklapp fr\u00e5n politiken p\u00e5 klimatomr\u00e5det?<\/strong><br \/>\n- S\u00e4kra att Sverige har ett robust elsystem som klarar av att hantera en omfattande elektrifiering av samh\u00e4llet.<\/p><\/blockquote>\n<p><strong>JM, Maria Sandell, h\u00e5llbarhetschef<\/strong><\/p>\n<blockquote><p><strong>Vad \u00e4r ditt f\u00f6retags julklapp till klimatomst\u00e4llningen?<\/strong><br \/>\n- Vi har under h\u00f6sten genomf\u00f6rt en noggrann och grundlig klimatanalys som visar att materialen st\u00e5r f\u00f6r en stor del av byggandets scope 3 utsl\u00e4pp. D\u00e4rf\u00f6r har vi inf\u00f6rt klimatf\u00f6rb\u00e4ttrad betong i alla v\u00e5ra projekt i Sverige som standard vilket s\u00e4nker utsl\u00e4ppen med cirka\u00a04000 ton \u00e5rligen. Som f\u00f6rsta akt\u00f6r har vi \u00e4ven inf\u00f6rt fossilfria arbetsplatser f\u00f6r alla v\u00e5ra projekt i Sverige vilket ytterligare reducerar utsl\u00e4ppen med cirka\u00a03000 ton \u00e5rligen.<\/p>\n<p><strong>Vad \u00f6nskar du dig i julklapp fr\u00e5n politiken p\u00e5 klimatomr\u00e5det?<\/strong><br \/>\n- Bygg ut eln\u00e4tet och m\u00f6jligg\u00f6r elektrifiering och till politiken p\u00e5 lokal niv\u00e5, forts\u00e4tt st\u00e4ll h\u00e5llbarhetskrav i markanvisningar f\u00f6r de driver utvecklingen fram\u00e5t.<\/p><\/blockquote>\n<p><strong>Lantm\u00e4nnen, Claes Johansson, h\u00e5llbarhetschef<\/strong><\/p>\n<blockquote><p><strong>Vad \u00e4r ditt f\u00f6retags julklapp till klimatomst\u00e4llningen?<\/strong><br \/>\n- N\u00e4sta \u00e5r lanserar vi v\u00e4rldens f\u00f6rsta livsmedelsprodukter fr\u00e5n en fossilfri v\u00e4rdekedja fr\u00e5n jord till bord. Det \u00e4r en verklig milstolpe i klimatomst\u00e4llningen och n\u00e5got som vi hoppas f\u00e5 marknadens hj\u00e4lp med att skala upp ytterligare f\u00f6r att n\u00e5 ett fossilfritt lantbruk till 2030.<\/p>\n<p><strong>Vad \u00f6nskar du dig i julklapp fr\u00e5n politiken p\u00e5 klimatomr\u00e5det?<\/strong><br \/>\n- Att ing\u00e5ngna \u00f6verenskommelser h\u00e5lls och att fokus l\u00e4ggs p\u00e5 att skapa de r\u00e4tta f\u00f6ruts\u00e4ttningar f\u00f6r n\u00e4ringslivets omst\u00e4llning som nu h\u00e5ller p\u00e5 att h\u00e4nda p\u00e5 riktigt. D\u00e5 f\u00e5r inte politiken b\u00f6rja tveka p\u00e5 klimatm\u00e5ls\u00e4ttningarna.<\/p><\/blockquote>\n<p><strong>Preem, Katarina Thorling, h\u00e5llbarhetschef<\/strong><\/p>\n<blockquote><p><strong>Vad \u00e4r ditt f\u00f6retags julklapp till klimatomst\u00e4llningen?<\/strong><br \/>\n- Preem ska vara klimatneutrala i hela v\u00e5r v\u00e4rdekedja till 2035, och som Sveriges st\u00f6rsta drivmedelsproducent har en viktig roll i Sveriges m\u00f6jlighet att n\u00e5 sina klimatm\u00e5l. \u00a0Redan n\u00e4sta \u00e5r ska vi slutf\u00f6ra v\u00e5r f\u00f6rsta, riktigt storskaliga ombyggnad som kommer att leverera ytterligare cirka\u00a01 miljon kubik f\u00f6rnybara drivmedel till marknaden.<\/p>\n<p><strong>Vad \u00f6nskar du dig i julklapp fr\u00e5n politiken p\u00e5 klimatomr\u00e5det?<\/strong><br \/>\n- Att politiken lyckas hantera kriserna h\u00e4r och nu men samtidigt skapa f\u00f6ruts\u00e4ttningar, och inte sl\u00e5 undan benen f\u00f6r\u00a0den omst\u00e4llningsresa som redan \u00e4r i full g\u00e5ng i n\u00e4ringslivet och AB Sverige. Vi \u00f6nskar oss l\u00e5ngsiktiga och f\u00f6ruts\u00e4gbara spelregler f\u00f6r omst\u00e4llningen, en reduktionsplikt med stigande ambition som m\u00f6jligg\u00f6r f\u00f6r Sveriges n\u00e4ringsliv och organisationer att v\u00e4xa med omst\u00e4llningen och m\u00f6ta klimatm\u00e5len.<\/p><\/blockquote>\n","qoute":"","name":"","title-company":""},"_links":{"self":[{"href":"https:\/\/www.hagainitiativet.se\/en\/wp-json\/wp\/v2\/inlagg\/6295","targetHints":{"allow":["GET"]}}],"collection":[{"href":"https:\/\/www.hagainitiativet.se\/en\/wp-json\/wp\/v2\/inlagg"}],"about":[{"href":"https:\/\/www.hagainitiativet.se\/en\/wp-json\/wp\/v2\/types\/inlagg"}],"wp:featuredmedia":[{"embeddable":true,"href":"https:\/\/www.hagainitiativet.se\/en\/wp-json\/wp\/v2\/media\/6368"}],"wp:attachment":[{"href":"https:\/\/www.hagainitiativet.se\/en\/wp-json\/wp\/v2\/media?parent=6295"}],"wp:term":[{"taxonomy":"kategori","embeddable":true,"href":"https:\/\/www.hagainitiativet.se\/en\/wp-json\/wp\/v2\/kategori?post=6295"}],"curies":[{"name":"wp","href":"https:\/\/api.w.org\/{rel}","templated":true}]}}