{"id":6337,"date":"2022-12-22T11:43:29","date_gmt":"2022-12-22T10:43:29","guid":{"rendered":"https:\/\/www.hagainitiativet.se\/?post_type=inlagg&#038;p=6337"},"modified":"2023-01-26T21:27:14","modified_gmt":"2023-01-26T20:27:14","slug":"webinarium-efter-cop27-darfor-haller-foretagen-fast-vid-15-gradersmalet","status":"publish","type":"inlagg","link":"https:\/\/www.hagainitiativet.se\/en\/inlagg\/webinarium-efter-cop27-darfor-haller-foretagen-fast-vid-15-gradersmalet\/","title":{"rendered":"Webbinarium: Efter COP27 &#8211; D\u00e4rf\u00f6r h\u00e5ller f\u00f6retagen fast vid 1,5-gradersm\u00e5let"},"content":{"rendered":"","protected":false},"excerpt":{"rendered":"","protected":false},"featured_media":6342,"parent":0,"template":"","kategori":[16],"class_list":["post-6337","inlagg","type-inlagg","status-publish","has-post-thumbnail","hentry","kategori-seminarier"],"meta_box":{"show_post_en":"0","text":"<p class=\"x_MsoNormal\"><strong>N\u00e4r:<\/strong> 26 januari 2023 08.00-09.00<br \/>\n<strong>Var:<\/strong> <a href=\"https:\/\/youtu.be\/AE9L89t1ZeY\">digitalt\u00a0<\/a><br \/>\n<strong>Arrang\u00f6r:<\/strong> Hagainitiativet<\/p>\n<p class=\"x_xmsonormal\">N\u00e4ringslivet \u00e4r en stark drivkraft i klimatarbetet och m\u00e5nga svenska f\u00f6retag har satt betydligt mer ambiti\u00f6sa klimatm\u00e5l \u00e4n Sveriges nationella klimatm\u00e5l. I en tid d\u00e4r vetenskapen allt tydligare pekar p\u00e5 att vi kommer missa 1,5 gradersm\u00e5let, \u00e4r vikten av att f\u00f6retag fortsatt h\u00e5ller fast vid det stor. Hagainitiativet bjuder d\u00e4rf\u00f6r in till ett webbinarium f\u00f6r att bland annat diskutera:<\/p>\n<ul type=\"disc\">\n<li class=\"x_xmsonormal\">Vad betyder det att v\u00e4rlden missar 1,5 gradersm\u00e5let?<\/li>\n<li class=\"x_xmsonormal\">Hur mycket m\u00e5ste v\u00e4rlden minska sina utsl\u00e4pp f\u00f6r att vi ska klara 1,5 gradersm\u00e5let?<\/li>\n<li class=\"x_xmsonormal\">Vad beh\u00f6vs f\u00f6r att n\u00e4ringslivet ska forts\u00e4tta str\u00e4va efter 1,5 gradersm\u00e5let?<\/li>\n<li class=\"x_xmsonormal\">Vilken inst\u00e4llning har n\u00e4ringslivet till 1,5 gradersm\u00e5let?<\/li>\n<li class=\"x_xmsonormal\">Vilka strategier arbetar f\u00f6retag efter idag f\u00f6r att g\u00f6ra sitt bidrag till 1,5 gradersm\u00e5let?<\/li>\n<\/ul>\n<p class=\"x_MsoNormal\"><strong>Medverkande:<\/strong><\/p>\n<p class=\"x_MsoNormal\">Mattias Frumerie, Sveriges chefsf\u00f6rhandlare vid UNFCCC<br \/>\n\u00c5sa Persson, forskningschef, Stockholm Environment Institute<br \/>\nFredrik Nilz\u00e9n, h\u00e5llbarhetschef, Swedbank<br \/>\nClaes Johansson, h\u00e5llbarhetschef, Lantm\u00e4nnen<br \/>\nSara Davidsson, milj\u00f6chef, Stena Recycling<br \/>\nNina Ekelund, generalsekreterare, Hagainitiativet (moderator)<\/p>\n<p class=\"x_MsoNormal\">Se hela webbinariet <a href=\"https:\/\/youtu.be\/AE9L89t1ZeY\">h\u00e4r<\/a>.<\/p>\n","qoute":"","name":"","title-company":""},"_links":{"self":[{"href":"https:\/\/www.hagainitiativet.se\/en\/wp-json\/wp\/v2\/inlagg\/6337","targetHints":{"allow":["GET"]}}],"collection":[{"href":"https:\/\/www.hagainitiativet.se\/en\/wp-json\/wp\/v2\/inlagg"}],"about":[{"href":"https:\/\/www.hagainitiativet.se\/en\/wp-json\/wp\/v2\/types\/inlagg"}],"wp:featuredmedia":[{"embeddable":true,"href":"https:\/\/www.hagainitiativet.se\/en\/wp-json\/wp\/v2\/media\/6342"}],"wp:attachment":[{"href":"https:\/\/www.hagainitiativet.se\/en\/wp-json\/wp\/v2\/media?parent=6337"}],"wp:term":[{"taxonomy":"kategori","embeddable":true,"href":"https:\/\/www.hagainitiativet.se\/en\/wp-json\/wp\/v2\/kategori?post=6337"}],"curies":[{"name":"wp","href":"https:\/\/api.w.org\/{rel}","templated":true}]}}