{"id":6483,"date":"2023-01-27T09:56:09","date_gmt":"2023-01-27T08:56:09","guid":{"rendered":"https:\/\/www.hagainitiativet.se\/?post_type=inlagg&#038;p=6483"},"modified":"2023-01-27T09:58:53","modified_gmt":"2023-01-27T08:58:53","slug":"missade-du-webbinariet-foretagen-haller-fast-vid-15-gradersmalet","status":"publish","type":"inlagg","link":"https:\/\/www.hagainitiativet.se\/en\/inlagg\/missade-du-webbinariet-foretagen-haller-fast-vid-15-gradersmalet\/","title":{"rendered":"Missade du webbinariet: f\u00f6retagen h\u00e5ller fast vid 1,5 gradersm\u00e5let"},"content":{"rendered":"","protected":false},"excerpt":{"rendered":"","protected":false},"featured_media":6487,"parent":0,"template":"","kategori":[17,16],"class_list":["post-6483","inlagg","type-inlagg","status-publish","has-post-thumbnail","hentry","kategori-nyheter","kategori-seminarier"],"meta_box":{"show_post_en":"0","text":"<p>N\u00e4ringslivet \u00e4r en stark drivkraft i klimatarbetet och m\u00e5nga svenska f\u00f6retag har satt betydligt mer ambiti\u00f6sa klimatm\u00e5l \u00e4n Sveriges nationella klimatm\u00e5l. Hagainitiativet arrangerade den 26 februari 2023 ett webbinarium f\u00f6r att diskutera n\u00e4ringslivets inst\u00e4llning och strategier f\u00f6r att inte \u00f6verskrida 1,5 grader, samt vad det betyder det att v\u00e4rlden missar 1,5 gradersm\u00e5let.<\/p>\n<p><b data-stringify-type=\"bold\">N\u00e4r:<\/b>\u00a026 januari 2023 08.00-09.00<br \/>\n<b data-stringify-type=\"bold\">Var:<\/b>\u00a0<a class=\"c-link\" href=\"https:\/\/youtu.be\/AE9L89t1ZeY\" target=\"_blank\" rel=\"noopener noreferrer\" data-stringify-link=\"https:\/\/youtu.be\/AE9L89t1ZeY\" data-sk=\"tooltip_parent\" data-remove-tab-index=\"true\">digitalt<\/a><br \/>\n<b data-stringify-type=\"bold\">Arrang\u00f6r:<\/b>\u00a0Hagainitiativet<\/p>\n<p><b data-stringify-type=\"bold\">Medverkande:<\/b><br \/>\nMattias Frumerie, Sveriges chefsf\u00f6rhandlare vid UNFCCC<br \/>\n\u00c5sa Persson, forskningschef, Stockholm Environment Institute<br \/>\nFredrik Nilz\u00e9n, h\u00e5llbarhetschef, Swedbank<br \/>\nClaes Johansson, h\u00e5llbarhetschef, Lantm\u00e4nnen<br \/>\nSara Davidsson, milj\u00f6chef, Stena Recycling<br \/>\nNina Ekelund, generalsekreterare, Hagainitiativet (moderator)<\/p>\n<p>\u00c5sa Persson, forskningschef, SEI \u2014 Stockholm Environment Institute inledde med att bekr\u00e4fta att forskningen \u00e4r v\u00e4ldigt tydlig med att vi m\u00e5ste h\u00e5lla oss under 1,5 grad. Det betyder att vi beh\u00f6ver halvera utsl\u00e4ppen till 2030 fr\u00e5n 2019-\u00e5rs siffror. Mattias Frumerie, Sveriges chefsf\u00f6rhandlare vid UNFCCC UN fortsatte med att framf\u00f6ra att det beh\u00f6vs ett klimatledarskap fr\u00e5n alla och att n\u00e4ringslivet \u00e4r viktiga f\u00f6r att visa p\u00e5 m\u00f6jligheter med klimatomst\u00e4llningen. Fredrik Nilz\u00e9n, h\u00e5llbarhetschef, Swedbank, Claes Johansson h\u00e5llbarhetschef, Lantm\u00e4nnen och Sara Davidsson, milj\u00f6chef, Stena Recycling AB bekr\u00e4ftade alla att det \u00e4r aff\u00e4rskritisk och sj\u00e4lvklart att h\u00e5lla fast vid 1,5 gradersm\u00e5let och lyfte vikten av att politiken s\u00e4tter l\u00e5ngsiktiga spelregler (och h\u00e5ller fast vid tidigare \u00f6verenskommelser) f\u00f6r att f\u00f6retagen ska kunna n\u00e5 dem. Nina Ekelund modererade samtalet.<\/p>\n<p>Se hela webbinariet h\u00e4r:\u00a0<a class=\"c-link\" href=\"https:\/\/www.youtube.com\/watch?v=AE9L89t1ZeY&amp;feature=youtu.be\" target=\"_blank\" rel=\"noopener noreferrer\" data-stringify-link=\"https:\/\/www.youtube.com\/watch?v=AE9L89t1ZeY&amp;feature=youtu.be\" data-sk=\"tooltip_parent\" data-remove-tab-index=\"true\">https:\/\/www.youtube.com\/watch?v=AE9L89t1ZeY&amp;feature=youtu.be<\/a><\/p>\n","qoute":"","name":"","title-company":""},"_links":{"self":[{"href":"https:\/\/www.hagainitiativet.se\/en\/wp-json\/wp\/v2\/inlagg\/6483","targetHints":{"allow":["GET"]}}],"collection":[{"href":"https:\/\/www.hagainitiativet.se\/en\/wp-json\/wp\/v2\/inlagg"}],"about":[{"href":"https:\/\/www.hagainitiativet.se\/en\/wp-json\/wp\/v2\/types\/inlagg"}],"wp:featuredmedia":[{"embeddable":true,"href":"https:\/\/www.hagainitiativet.se\/en\/wp-json\/wp\/v2\/media\/6487"}],"wp:attachment":[{"href":"https:\/\/www.hagainitiativet.se\/en\/wp-json\/wp\/v2\/media?parent=6483"}],"wp:term":[{"taxonomy":"kategori","embeddable":true,"href":"https:\/\/www.hagainitiativet.se\/en\/wp-json\/wp\/v2\/kategori?post=6483"}],"curies":[{"name":"wp","href":"https:\/\/api.w.org\/{rel}","templated":true}]}}