{"id":6592,"date":"2023-02-27T09:12:13","date_gmt":"2023-02-27T08:12:13","guid":{"rendered":"https:\/\/www.hagainitiativet.se\/?post_type=inlagg&#038;p=6592"},"modified":"2023-02-27T10:08:55","modified_gmt":"2023-02-27T09:08:55","slug":"ny-rapport-sankt-reduktionsplikt-forsvarar-for-foretagen","status":"publish","type":"inlagg","link":"https:\/\/www.hagainitiativet.se\/en\/inlagg\/ny-rapport-sankt-reduktionsplikt-forsvarar-for-foretagen\/","title":{"rendered":"Ny rapport: S\u00e4nkt reduktionsplikt f\u00f6rsv\u00e5rar f\u00f6r f\u00f6retagen"},"content":{"rendered":"","protected":false},"excerpt":{"rendered":"","protected":false},"featured_media":6587,"parent":0,"template":"","kategori":[17],"class_list":["post-6592","inlagg","type-inlagg","status-publish","has-post-thumbnail","hentry","kategori-nyheter"],"meta_box":{"show_post_en":"0","text":"<p><strong>Enligt en ny unders\u00f6kning fr\u00e5n Hagainitiativet kommer sex av tio f\u00f6retag kommer att f\u00e5 problem att klara milj\u00f6m\u00e5len med s\u00e4nkt reduktionsplikt.\u00a0<\/strong><\/p>\n<p>Hagainitiativet fr\u00e5gade i februari 2023 ett urval av svenska b\u00f6rsbolag hur deras m\u00f6jligheter att n\u00e5 klimatm\u00e5len p\u00e5verkas om reduktionsplikten s\u00e4nks kraftigt. 60 procent svarade att arbetet skulle p\u00e5verkas negativt, det vill s\u00e4ga att s\u00e4nkt reduktionsplikt skulle f\u00f6rsv\u00e5ra deras arbete med att n\u00e5 klimatm\u00e5len.<\/p>\n<p>De f\u00f6retag som svarade \u201dja, det skulle p\u00e5verka negativt\u201d motiverade sitt svar fr\u00e4mst med att:<br \/>\n\u00bb Utsl\u00e4ppen fr\u00e5n f\u00f6retagens transporter \u00f6kar<br \/>\n\u00bb Kostnaderna (f\u00f6r f\u00f6retag och kund) \u00f6kar d\u00e5 investeringar \u00e4r beslutade<br \/>\n\u00bb Billigare drivmedel gynnar f\u00f6retag som saknar fokus p\u00e5 h\u00e5llbarhet<br \/>\n\u00bb Skapar os\u00e4kerhet kring l\u00e5ngsiktiga spelregler<\/p>\n<p>Bland de 40 procent som svarade \u201dnej\u201d, det vill s\u00e4ga att s\u00e4nkt reduktionsplikt inte skulle p\u00e5verka deras arbete f\u00f6r att n\u00e5 klimatm\u00e5len motiveras svaren fr\u00e4mst med att deras fordonsflotta i mycket h\u00f6g grad \u00e4r eller planeras bli elektrifierad och\/eller anv\u00e4nder HVO100, en v\u00e4ldigt liten del av verksamheten sker i Sverige, samt att en marginell del av verksamhetens totala utsl\u00e4pp kommer fr\u00e5n transporter.<\/p>\n<p>L\u00e4s rapporten <a href=\"https:\/\/www.hagainitiativet.se\/wp-content\/uploads\/2023\/02\/230217-Reduktionsplikten.pdf\">h\u00e4r<\/a>.<\/p>\n<p>L\u00e4s debattartikel <a href=\"https:\/\/www.aftonbladet.se\/debatt\/a\/BWwxAG\/hagainitiativet-sankt-reduktionsplikt-forsvarar-for-foretagen\">h\u00e4r<\/a>.<\/p>\n<p>L\u00e4s pressmeddelande <a href=\"https:\/\/www.hagainitiativet.se\/inlagg\/foretag-far-svarare-att-na-klimatmal-med-sankt-reduktionsplikt\/\">h\u00e4r<\/a>.<\/p>\n<p>&nbsp;<\/p>\n<p>&nbsp;<\/p>\n<p>&nbsp;<\/p>\n<div class=\"hyperion-css-18uqayh\">\n<div class=\" hyperion-css-1fj8eyc\">\n<div id=\"adPlacement_2\" class=\"banner-640x320 hyperion-css-kjf1j9\" data-variants=\"[{&quot;invCode&quot;:&quot;se-aftonbladet-{deviceType}-article-outstream&quot;,&quot;probableWidth&quot;:320,&quot;probableHeight&quot;:320,&quot;deviceType&quot;:&quot;mobile&quot;,&quot;sizes&quot;:[[1,1],[320,320],[320,185],[320,320]],&quot;minDisplayWidth&quot;:0,&quot;refresh&quot;:false,&quot;preloading&quot;:250,&quot;preloadingScrollingUp&quot;:0,&quot;safeframeConfig&quot;:{&quot;allowExpansionByPush&quot;:false,&quot;allowExpansionByOverlay&quot;:false},&quot;allowedFormats&quot;:[&quot;banner&quot;,&quot;native&quot;,&quot;outstream&quot;],&quot;keywords&quot;:{&quot;se-aftonbladet-count&quot;:0,&quot;se-generic-adformat&quot;:&quot;outstream&quot;}},{&quot;invCode&quot;:&quot;se-aftonbladet-{deviceType}-article-outstream&quot;,&quot;probableWidth&quot;:480,&quot;probableHeight&quot;:270,&quot;deviceType&quot;:&quot;desktop&quot;,&quot;sizes&quot;:[[1,1],[480,270],[570,320],[530,300],[640,320]],&quot;minDisplayWidth&quot;:768,&quot;refresh&quot;:false,&quot;preloading&quot;:450,&quot;preloadingScrollingUp&quot;:0,&quot;safeframeConfig&quot;:{&quot;allowExpansionByPush&quot;:false,&quot;allowExpansionByOverlay&quot;:false},&quot;allowedFormats&quot;:[&quot;banner&quot;,&quot;native&quot;,&quot;outstream&quot;],&quot;keywords&quot;:{&quot;se-aftonbladet-count&quot;:0,&quot;se-generic-adformat&quot;:&quot;outstream&quot;}},{&quot;invCode&quot;:&quot;se-aftonbladet-{deviceType}-article-outstream&quot;,&quot;probableWidth&quot;:480,&quot;probableHeight&quot;:270,&quot;deviceType&quot;:&quot;tablet&quot;,&quot;sizes&quot;:[[1,1],[480,270],[570,320],[530,300]],&quot;minDisplayWidth&quot;:590,&quot;refresh&quot;:false,&quot;preloading&quot;:450,&quot;safeframeConfig&quot;:{&quot;allowExpansionByPush&quot;:false,&quot;allowExpansionByOverlay&quot;:false},&quot;allowedFormats&quot;:[&quot;banner&quot;,&quot;native&quot;,&quot;outstream&quot;],&quot;keywords&quot;:{&quot;se-aftonbladet-count&quot;:0,&quot;se-generic-adformat&quot;:&quot;outstream&quot;}}]\" data-refresh=\"false\" data-show-label=\"true\" data-ad-subtype=\"text-ad\" data-device-type=\"desktop\" data-is-last=\"false\" data-theme=\"opinion\">\n<div id=\"adPlacement_2-button\" class=\"hyperion-css-1pyj4zm\">\n<div id=\"gdprAdTransparencyCogWheelButton-adPlacement_2\" class=\"gdprAdTransparencyCogWheelButton\" role=\"button\" aria-label=\"Varf\u00f6r ser du denna annons?\" data-target=\"adPlacement_2\">\n<div class=\"gdprAdTransparencyCogWheelButton gdprAdTransparencyCogWheelButton__icon\"><\/div>\n<\/div>\n<\/div>\n<\/div>\n<\/div>\n<\/div>\n","qoute":"","name":"","title-company":""},"_links":{"self":[{"href":"https:\/\/www.hagainitiativet.se\/en\/wp-json\/wp\/v2\/inlagg\/6592","targetHints":{"allow":["GET"]}}],"collection":[{"href":"https:\/\/www.hagainitiativet.se\/en\/wp-json\/wp\/v2\/inlagg"}],"about":[{"href":"https:\/\/www.hagainitiativet.se\/en\/wp-json\/wp\/v2\/types\/inlagg"}],"wp:featuredmedia":[{"embeddable":true,"href":"https:\/\/www.hagainitiativet.se\/en\/wp-json\/wp\/v2\/media\/6587"}],"wp:attachment":[{"href":"https:\/\/www.hagainitiativet.se\/en\/wp-json\/wp\/v2\/media?parent=6592"}],"wp:term":[{"taxonomy":"kategori","embeddable":true,"href":"https:\/\/www.hagainitiativet.se\/en\/wp-json\/wp\/v2\/kategori?post=6592"}],"curies":[{"name":"wp","href":"https:\/\/api.w.org\/{rel}","templated":true}]}}