{"id":6671,"date":"2022-06-22T12:59:00","date_gmt":"2022-06-22T10:59:00","guid":{"rendered":"https:\/\/www.hagainitiativet.se\/?post_type=inlagg&#038;p=6671"},"modified":"2023-03-08T13:01:53","modified_gmt":"2023-03-08T12:01:53","slug":"seminarium-backlash-i-klimatfragan-hur-kan-politiken-bli-battre-pa-framsynthet","status":"publish","type":"inlagg","link":"https:\/\/www.hagainitiativet.se\/en\/inlagg\/seminarium-backlash-i-klimatfragan-hur-kan-politiken-bli-battre-pa-framsynthet\/","title":{"rendered":"Seminarium: <strong>Backlash i klimatfr\u00e5gan \u2013 hur kan politiken bli b\u00e4ttre p\u00e5 framsynthet?<\/strong>"},"content":{"rendered":"","protected":false},"excerpt":{"rendered":"","protected":false},"featured_media":6665,"parent":0,"template":"","kategori":[16],"class_list":["post-6671","inlagg","type-inlagg","status-publish","has-post-thumbnail","hentry","kategori-seminarier"],"meta_box":{"show_post_en":"0","text":"<p>Klimatfr\u00e5gan ses av m\u00e5nga f\u00f6retag som l\u00f6nsam, men som kostsam f\u00f6r den enskilda medborgaren. Hur kan politiken rusta samh\u00e4llet f\u00f6r en snabb klimatomst\u00e4llning, som tar h\u00f6jd f\u00f6r geopolitiska f\u00f6r\u00e4ndringar och anpassar politiska styrmedel f\u00f6r att ocks\u00e5 f\u00e5 med sig m\u00e4nniskor?<\/p>\n<p><strong>Datum:<\/strong>\u00a04 Juli<br \/>\n<strong>Tid:<\/strong>\u00a010:00 \u2013 10:55<br \/>\n<strong>Arrang\u00f6r<\/strong>:\u00a0<a href=\"https:\/\/www.hagainitiativet.se\/sv\">Hagainitiativet<\/a>,\u00a0<a href=\"https:\/\/www.mistra-geopolitics.se\/\">Mistra Geopolitics (SEI)<\/a><br \/>\n<strong>Plats:<\/strong>\u00a0fartyg, Teaterskeppet, \u201dVisby hamn\u201d<\/p>\n<ul>\n<li>Hur p\u00e5verkar den f\u00f6r\u00e4ndrade geopolitiken f\u00f6ruts\u00e4ttningar f\u00f6r svensk klimatomst\u00e4llning?<\/li>\n<li>Hur kan komplexa fr\u00e5gest\u00e4llningar s\u00e5 som klimatfr\u00e5gan hanteras l\u00e5ngsiktigt och kortsiktigt?<\/li>\n<li>Hur ser framtidens styrmedel ut som hanterar kort och l\u00e5ng sikt samt inkludering och omst\u00e4llning?<\/li>\n<\/ul>\n<p><b>Medverkande:<\/b><br \/>\nDr Henrik Carlsen, Vice programchef, Mistra Geopolitics<br \/>\nNina Ekelund, Generalsekreterare, Hagainitiativet<br \/>\nMalin Fijen Pacsay, Ordf\u00f6rande, Klimat- och h\u00e5llbarhetsn\u00e4mnden i Region Stockholm<br \/>\nSofie Eliasson Morsink, Vd och ordf\u00f6rande, Coca-Cola Europacific Partners och Livsmedelsf\u00f6retagen<br \/>\nUlf Wikstr\u00f6m, H\u00e5llbarhetschef, Stockholm Exergi<br \/>\nKarin Lex\u00e9n, Generalsekreterare, Naturskyddsf\u00f6reningen<br \/>\nAnders Wijkman, Ordf\u00f6rande, Circular Sweden och tidigare Europaparlamentariker<br \/>\nMagnus Demervall, Policychef och bitr\u00e4dande partisekreterare, (C)<br \/>\nElin Segerlind, riksdagsledamot (V)<\/p>\n","qoute":"","name":"","title-company":""},"_links":{"self":[{"href":"https:\/\/www.hagainitiativet.se\/en\/wp-json\/wp\/v2\/inlagg\/6671","targetHints":{"allow":["GET"]}}],"collection":[{"href":"https:\/\/www.hagainitiativet.se\/en\/wp-json\/wp\/v2\/inlagg"}],"about":[{"href":"https:\/\/www.hagainitiativet.se\/en\/wp-json\/wp\/v2\/types\/inlagg"}],"wp:featuredmedia":[{"embeddable":true,"href":"https:\/\/www.hagainitiativet.se\/en\/wp-json\/wp\/v2\/media\/6665"}],"wp:attachment":[{"href":"https:\/\/www.hagainitiativet.se\/en\/wp-json\/wp\/v2\/media?parent=6671"}],"wp:term":[{"taxonomy":"kategori","embeddable":true,"href":"https:\/\/www.hagainitiativet.se\/en\/wp-json\/wp\/v2\/kategori?post=6671"}],"curies":[{"name":"wp","href":"https:\/\/api.w.org\/{rel}","templated":true}]}}