{"id":6850,"date":"2023-03-29T13:01:00","date_gmt":"2023-03-29T11:01:00","guid":{"rendered":"https:\/\/www.hagainitiativet.se\/?post_type=inlagg&#038;p=6850"},"modified":"2023-05-26T16:44:26","modified_gmt":"2023-05-26T14:44:26","slug":"webbinarium-kan-vi-prata-om-klimathotet-utan-att-slacka-hoppet","status":"publish","type":"inlagg","link":"https:\/\/www.hagainitiativet.se\/en\/inlagg\/webbinarium-kan-vi-prata-om-klimathotet-utan-att-slacka-hoppet\/","title":{"rendered":"Webbinarium: Kan vi prata om klimathotet utan att sl\u00e4cka hoppet?"},"content":{"rendered":"","protected":false},"excerpt":{"rendered":"","protected":false},"featured_media":6856,"parent":0,"template":"","kategori":[16],"class_list":["post-6850","inlagg","type-inlagg","status-publish","has-post-thumbnail","hentry","kategori-seminarier"],"meta_box":{"show_post_en":"0","text":"<p>N\u00e4r: 27 april kl 08.00 - 09.15<br \/>\nVar: <a href=\"https:\/\/www.youtube.com\/watch?v=aloh5Vc1Q5M\">Se webbinariet h\u00e4r<\/a><br \/>\nArrang\u00f6r: Hagainitiativet<\/p>\n<p>V\u00e4lkommen till webbinarium kring medias roll i klimatfr\u00e5gan: Kan vi prata om klimathotet utan att sl\u00e4cka hoppet? Nyligen presenterades FN:s klimatpanels syntesrapport. Utsl\u00e4ppen m\u00e5ste drastiskt minska och FN:s generalsekreterare s\u00e4ger att klimatets tidsinst\u00e4llda bomb tickar.<\/p>\n<p>V\u00e4rlden \u00e4r l\u00e5ngt fr\u00e5n en utveckling som bromsar klimathotet. Denna diskrepans mellan hot och l\u00f6sning skapar v\u00e4xande uppgivenhet, eller till och med f\u00f6rnekelse. Den positiva utveckling som sker \u00e4r viktig att kommunicera; b\u00e5de f\u00f6r att inte tappa tempo i omst\u00e4llningen och f\u00f6r att goda exempel och positivt anslag skapar momentum.<\/p>\n<p>Missa inte detta webbinarium d\u00e4r vi tar pulsen p\u00e5 vad psykologer, beteendevetare, journalister, politiker och f\u00f6retagare ger sitt perspektiv p\u00e5 fr\u00e5gan. F\u00f6rhoppningsvis bidrar detta webbinarium till att ge dig hopp och nya perspektiv.<\/p>\n<p><strong>Medverkande:<\/strong><br \/>\nIsabella L\u00f6vin, fd klimat- och milj\u00f6minister samt f\u00f6rfattare till Oceank\u00e4nslan<br \/>\nAnna Roosvall, professor vid Institutionen f\u00f6r Mediestudier, SU<br \/>\nNina Wormbs, professor vid Historiska studier, KTH<br \/>\nKata Nyl\u00e9n, leg. psykolog hos Klimatpsykologerna<br \/>\nPeter Alestig, klimatredakt\u00f6r p\u00e5 Dagens Nyheter<br \/>\nSusanna Baltscheffsky, vetenskapsreporter p\u00e5 TV4 Nyheterna<br \/>\nKarin Stenmar, h\u00e5llbarhetschef, Folksam<br \/>\nUlf Wikstr\u00f6m, h\u00e5llbarhetschef, Stockholm Exergi<br \/>\nNina Ekelund, generalsekreterare Hagainitiativet (moderator)<\/p>\n<p>Se webbinariet <a href=\"https:\/\/www.youtube.com\/watch?v=aloh5Vc1Q5M\">h\u00e4r<\/a>.<\/p>\n<p>Se webbinariet p\u00e5 SVT Forum <a href=\"https:\/\/www.svt.se\/nyheter\/svtforum\/kan-vi-prata-om-klimathotet-utan-att-slacka-hoppet-1\">h\u00e4r<\/a>.<\/p>\n","qoute":"","name":"","title-company":""},"_links":{"self":[{"href":"https:\/\/www.hagainitiativet.se\/en\/wp-json\/wp\/v2\/inlagg\/6850","targetHints":{"allow":["GET"]}}],"collection":[{"href":"https:\/\/www.hagainitiativet.se\/en\/wp-json\/wp\/v2\/inlagg"}],"about":[{"href":"https:\/\/www.hagainitiativet.se\/en\/wp-json\/wp\/v2\/types\/inlagg"}],"wp:featuredmedia":[{"embeddable":true,"href":"https:\/\/www.hagainitiativet.se\/en\/wp-json\/wp\/v2\/media\/6856"}],"wp:attachment":[{"href":"https:\/\/www.hagainitiativet.se\/en\/wp-json\/wp\/v2\/media?parent=6850"}],"wp:term":[{"taxonomy":"kategori","embeddable":true,"href":"https:\/\/www.hagainitiativet.se\/en\/wp-json\/wp\/v2\/kategori?post=6850"}],"curies":[{"name":"wp","href":"https:\/\/api.w.org\/{rel}","templated":true}]}}