{"id":6972,"date":"2023-05-16T12:16:59","date_gmt":"2023-05-16T10:16:59","guid":{"rendered":"https:\/\/www.hagainitiativet.se\/?post_type=inlagg&#038;p=6972"},"modified":"2023-09-13T14:51:44","modified_gmt":"2023-09-13T12:51:44","slug":"hagainitiativet-i-almedalen-vad-behover-foretagen-fran-politiken-for-att-sakra-konkurrenskraften","status":"publish","type":"inlagg","link":"https:\/\/www.hagainitiativet.se\/en\/inlagg\/hagainitiativet-i-almedalen-vad-behover-foretagen-fran-politiken-for-att-sakra-konkurrenskraften\/","title":{"rendered":"Hagainitiativet i Almedalen: Vad beh\u00f6ver f\u00f6retagen fr\u00e5n politiken f\u00f6r att s\u00e4kra konkurrenskraften?"},"content":{"rendered":"","protected":false},"excerpt":{"rendered":"","protected":false},"featured_media":6975,"parent":0,"template":"","kategori":[16],"class_list":["post-6972","inlagg","type-inlagg","status-publish","has-post-thumbnail","hentry","kategori-seminarier"],"meta_box":{"show_post_en":"0","text":"<p><strong>Datum:<\/strong> Torsdag 29 juni<br \/>\n<strong>Tid:<\/strong> 09.00 - 09.45<br \/>\n<strong>Plats:<\/strong> Teaterskeppet, Visby hamn<\/p>\n<p class=\"xxmsonormal\">Ett samtal mellan n\u00e4ringsliv och politiker, med fokus p\u00e5 n\u00e4ringslivets f\u00f6rv\u00e4ntningar p\u00e5 regeringens kommande klimatpolitiska handlingsplan. Samtalet inleds med att Hagainitiativet presenterar sina nio \u00f6nskem\u00e5l p\u00e5 klimatpolitiken samt en dialog kring f\u00f6ljande fr\u00e5gest\u00e4llningar.<\/p>\n<ul>\n<li class=\"xxmsonormal\">Vilka f\u00f6rv\u00e4ntningar har f\u00f6retagen p\u00e5 regeringens klimathandlingsplan?<\/li>\n<li class=\"xxmsonormal\">Hur svarar politiker upp p\u00e5 detta i EU och Sverige?<\/li>\n<li class=\"xxmsonormal\">Hur skapas legitimitet f\u00f6r klimatpolitiken? Och varf\u00f6r st\u00e4rker klimatpolitiken ocks\u00e5 konkurrenskraften f\u00f6r Sverige?<\/li>\n<\/ul>\n<p><strong><br \/>\nMedverkande:<\/strong><\/p>\n<p class=\"p2\">Emma Nohr\u00e9n, riksdagsledamot (MP)<br \/>\nEmma Wiesner, ledamot i Europaparlamentet (C)<br \/>\nAnna-Caren S\u00e4therberg, riksdagsledamot (S)<br \/>\nUlf Wikstr\u00f6m, h\u00e5llbarhetschef, Stockholm Exergi<br \/>\nErik Ljungberg, h\u00e5llbarhets- och kommunikationsdirekt\u00f6r, Swedbank<br \/>\nLisa Wahlstr\u00f6m, h\u00e5llbarhetsdirekt\u00f6r, Coca-Cola Europacific Partners Sverige<br \/>\nElina Matsdotter, h\u00e5llbarhetschef, HKScan<br \/>\nGabrielle Tillberg, projektledare, Hagainitiativet<br \/>\nNina Ekelund, generalsekreterare, Hagainitiativet (moderator)<\/p>\n<p>&nbsp;<\/p>\n<p>Se hela seminariet <a href=\"https:\/\/www.youtube.com\/watch?v=d96pVcaKKeM\">h\u00e4r<\/a>.<\/p>\n","qoute":"","name":"","title-company":""},"_links":{"self":[{"href":"https:\/\/www.hagainitiativet.se\/en\/wp-json\/wp\/v2\/inlagg\/6972","targetHints":{"allow":["GET"]}}],"collection":[{"href":"https:\/\/www.hagainitiativet.se\/en\/wp-json\/wp\/v2\/inlagg"}],"about":[{"href":"https:\/\/www.hagainitiativet.se\/en\/wp-json\/wp\/v2\/types\/inlagg"}],"wp:featuredmedia":[{"embeddable":true,"href":"https:\/\/www.hagainitiativet.se\/en\/wp-json\/wp\/v2\/media\/6975"}],"wp:attachment":[{"href":"https:\/\/www.hagainitiativet.se\/en\/wp-json\/wp\/v2\/media?parent=6972"}],"wp:term":[{"taxonomy":"kategori","embeddable":true,"href":"https:\/\/www.hagainitiativet.se\/en\/wp-json\/wp\/v2\/kategori?post=6972"}],"curies":[{"name":"wp","href":"https:\/\/api.w.org\/{rel}","templated":true}]}}