{"id":7043,"date":"2023-06-07T08:19:14","date_gmt":"2023-06-07T06:19:14","guid":{"rendered":"https:\/\/www.hagainitiativet.se\/?post_type=inlagg&#038;p=7043"},"modified":"2023-08-11T12:50:42","modified_gmt":"2023-08-11T10:50:42","slug":"hagainitiativets-klimatbokslut-2022","status":"publish","type":"inlagg","link":"https:\/\/www.hagainitiativet.se\/en\/inlagg\/hagainitiativets-klimatbokslut-2022\/","title":{"rendered":"Hagainitiativets klimatbokslut 2022"},"content":{"rendered":"","protected":false},"excerpt":{"rendered":"","protected":false},"featured_media":7046,"parent":0,"template":"","kategori":[17],"class_list":["post-7043","inlagg","type-inlagg","status-publish","has-post-thumbnail","hentry","kategori-nyheter"],"meta_box":{"show_post_en":"0","text":"<p>I Hagaf\u00f6retagens gemensamma klimatbokslut f\u00f6r 2022 redovisar f\u00f6retagen att utsl\u00e4ppen forts\u00e4tter att minska. J\u00e4mf\u00f6rt med f\u00f6retagens valda bas\u00e5r har nio f\u00f6retag minskat sina utsl\u00e4pp medan utsl\u00e4ppen \u00f6kat f\u00f6r tv\u00e5 f\u00f6retag. \u00d6vriga tv\u00e5 f\u00f6retag har 2022 som bas\u00e5r och saknar d\u00e4rf\u00f6r en j\u00e4mf\u00f6relse. J\u00e4mf\u00f6rt med 2021 har tre f\u00f6retag minskat sina utsl\u00e4pp medan utsl\u00e4ppen f\u00f6r tio f\u00f6retag \u00f6kade. \u00d6kningen f\u00f6r de tio f\u00f6retagen 2021\u20132022 beror bland annat p\u00e5 att f\u00f6retagens verksamhet \u00e5terg\u00e5tt till det normala efter pandemin.<\/p>\n<p>L\u00e4s klimatbokslutet <a href=\"https:\/\/www.hagainitiativet.se\/wp-content\/uploads\/2023\/06\/230627_Klimatbokslut-2022.pdf\">h\u00e4r<\/a>.<\/p>\n<p>L\u00e4s pressmeddelandet <a href=\"https:\/\/www.hagainitiativet.se\/inlagg\/hagainitiativets-klimatbokslut-2022-visar-att-utslappen-minskar\/\">h\u00e4r.<\/a><\/p>\n","qoute":"","name":"","title-company":""},"_links":{"self":[{"href":"https:\/\/www.hagainitiativet.se\/en\/wp-json\/wp\/v2\/inlagg\/7043","targetHints":{"allow":["GET"]}}],"collection":[{"href":"https:\/\/www.hagainitiativet.se\/en\/wp-json\/wp\/v2\/inlagg"}],"about":[{"href":"https:\/\/www.hagainitiativet.se\/en\/wp-json\/wp\/v2\/types\/inlagg"}],"wp:featuredmedia":[{"embeddable":true,"href":"https:\/\/www.hagainitiativet.se\/en\/wp-json\/wp\/v2\/media\/7046"}],"wp:attachment":[{"href":"https:\/\/www.hagainitiativet.se\/en\/wp-json\/wp\/v2\/media?parent=7043"}],"wp:term":[{"taxonomy":"kategori","embeddable":true,"href":"https:\/\/www.hagainitiativet.se\/en\/wp-json\/wp\/v2\/kategori?post=7043"}],"curies":[{"name":"wp","href":"https:\/\/api.w.org\/{rel}","templated":true}]}}