{"id":7099,"date":"2023-06-08T08:30:00","date_gmt":"2023-06-08T06:30:00","guid":{"rendered":"https:\/\/www.hagainitiativet.se\/?post_type=inlagg&#038;p=7099"},"modified":"2023-09-01T16:19:12","modified_gmt":"2023-09-01T14:19:12","slug":"stora-kliv-kravs-vara-forvantningar-pa-regeringens-klimathandlingsplan","status":"publish","type":"inlagg","link":"https:\/\/www.hagainitiativet.se\/en\/inlagg\/stora-kliv-kravs-vara-forvantningar-pa-regeringens-klimathandlingsplan\/","title":{"rendered":"Stora kliv kr\u00e4vs \u2013 v\u00e5ra f\u00f6rv\u00e4ntningar p\u00e5 regeringens klimathandlingsplan"},"content":{"rendered":"","protected":false},"excerpt":{"rendered":"","protected":false},"featured_media":7011,"parent":0,"template":"","kategori":[17],"class_list":["post-7099","inlagg","type-inlagg","status-publish","has-post-thumbnail","hentry","kategori-nyheter"],"meta_box":{"show_post_en":"0","text":"<p>Hagainitiativet har arbetat fram rapporten \u201dStora kliv kr\u00e4vs f\u00f6r st\u00e4rkt konkurrenskraft i den gr\u00f6na omst\u00e4llningen\u201d. Med rapporten vill Hagainitiativet lyfta sina f\u00f6rv\u00e4ntningar p\u00e5 den klimathandlingsplan som regeringen ska presentera i h\u00f6st.<\/p>\n<p>- Klimatomst\u00e4llningen m\u00e5ste accelerera och Sverige har alla f\u00f6ruts\u00e4ttningar att ta ledartr\u00f6jan globalt. F\u00f6r att klara att st\u00e4rka konkurrenskraften och att s\u00e4kra jobb och tillv\u00e4xt kr\u00e4vs nu stora kliv. Sverige beh\u00f6ver visa klimatledarskap b\u00e5de i Sverige och inom EU, s\u00e4ger Nina Ekelund, generalsekreterare Hagainitiativet.<\/p>\n<p>- Rapportens nio f\u00f6rslag \u00e4r aff\u00e4rskritiska och st\u00e4rker det svenska n\u00e4ringslivet. F\u00f6rslagen sammanfattar v\u00e5ra f\u00f6rv\u00e4ntningar p\u00e5 den klimathandlingsplan som regeringen tar fram. En aktiv ansats i linje med v\u00e5ra f\u00f6rslag \u00f6kar m\u00f6jligheterna oss och andra svenska f\u00f6retag att ta tillvara potentiella aff\u00e4rsm\u00f6jligheter och st\u00e4rka sin konkurrenskraft. En klok och v\u00e4l avv\u00e4gd klimatpolitik minskar dessutom risken f\u00f6r h\u00f6gre klimatrelaterade kostnader l\u00e4ngre fram, s\u00e4ger Nina Ekelund.<\/p>\n<p>Rapporten inneh\u00e5ller nio f\u00f6rslag:<\/p>\n<ol>\n<li>Visa politiskt ledarskap \u2013 l\u00e5ngsiktigt, tydligt och f\u00f6ruts\u00e4gbart - som m\u00f6jligg\u00f6r ett konkurrenskraftigt n\u00e4ringsliv och klarar 1,5-gradersm\u00e5let<\/li>\n<li>Investera i mer f\u00f6rnybar el i n\u00e4rtid och mer effektiv elanv\u00e4ndning f\u00f6r n\u00e4ringslivets klimatomst\u00e4llning<\/li>\n<li>Satsa p\u00e5 bioekonomin och st\u00e4rkt livsmedelsf\u00f6rs\u00f6rjning som en stark aff\u00e4rsm\u00f6jlighet f\u00f6r svensk industri och landsbygd<\/li>\n<li>G\u00f6r Sverige till ett cirkul\u00e4rt f\u00f6reg\u00e5ngsland f\u00f6r att s\u00e4kra v\u00e4rdekedjor och \u00f6kad tillv\u00e4xt<\/li>\n<li>Effektivisera tillst\u00e5ndsprocesserna f\u00f6r en snabb utbyggnad av den gr\u00f6na industrin<\/li>\n<li>Satsa p\u00e5 gr\u00f6n industripolitik som st\u00e4rker svensk konkurrenskraft genom gynnsamma ramvillkor<\/li>\n<li>Satsa p\u00e5 tekniska negativa utsl\u00e4pp med permanent lagring som en ny svensk exportindustri<\/li>\n<li>St\u00e4rk Sveriges kompetens f\u00f6r att genomf\u00f6ra den gr\u00f6na omst\u00e4llningen<\/li>\n<li>Skapa brett samh\u00e4llsst\u00f6d f\u00f6r klimatomst\u00e4llningen \u2013 det kommer gynna f\u00f6retagen<\/li>\n<\/ol>\n<p>L\u00e4s rapporten <a href=\"https:\/\/www.hagainitiativet.se\/inlagg\/ny-rapport-stora-kliv-kravs-for-starkt-konkurrenskraft-i-den-grona-omstallningen\/\">h\u00e4r<\/a>.<\/p>\n","qoute":"","name":"","title-company":""},"_links":{"self":[{"href":"https:\/\/www.hagainitiativet.se\/en\/wp-json\/wp\/v2\/inlagg\/7099","targetHints":{"allow":["GET"]}}],"collection":[{"href":"https:\/\/www.hagainitiativet.se\/en\/wp-json\/wp\/v2\/inlagg"}],"about":[{"href":"https:\/\/www.hagainitiativet.se\/en\/wp-json\/wp\/v2\/types\/inlagg"}],"wp:featuredmedia":[{"embeddable":true,"href":"https:\/\/www.hagainitiativet.se\/en\/wp-json\/wp\/v2\/media\/7011"}],"wp:attachment":[{"href":"https:\/\/www.hagainitiativet.se\/en\/wp-json\/wp\/v2\/media?parent=7099"}],"wp:term":[{"taxonomy":"kategori","embeddable":true,"href":"https:\/\/www.hagainitiativet.se\/en\/wp-json\/wp\/v2\/kategori?post=7099"}],"curies":[{"name":"wp","href":"https:\/\/api.w.org\/{rel}","templated":true}]}}