{"id":7273,"date":"2023-09-04T10:26:08","date_gmt":"2023-09-04T08:26:08","guid":{"rendered":"https:\/\/www.hagainitiativet.se\/?post_type=inlagg&#038;p=7273"},"modified":"2023-09-06T13:00:32","modified_gmt":"2023-09-06T11:00:32","slug":"fem-eu-relaterade-klimatfragor-att-halla-koll-pa-hosten-2023","status":"publish","type":"inlagg","link":"https:\/\/www.hagainitiativet.se\/en\/inlagg\/fem-eu-relaterade-klimatfragor-att-halla-koll-pa-hosten-2023\/","title":{"rendered":"Fem EU-relaterade klimatfr\u00e5gor att h\u00e5lla koll p\u00e5 h\u00f6sten 2023\u00a0"},"content":{"rendered":"","protected":false},"excerpt":{"rendered":"","protected":false},"featured_media":7275,"parent":0,"template":"","kategori":[23],"class_list":["post-7273","inlagg","type-inlagg","status-publish","has-post-thumbnail","hentry","kategori-hagabloggen"],"meta_box":{"show_post_en":"0","text":"<p><span data-contrast=\"auto\">Det spanska ordf\u00f6randeskapet i EU:s ministerr\u00e5d drog i g\u00e5ng den 1 juli i \u00e5r och str\u00e4cker sig ett halv\u00e5r fram\u00e5t. Att g\u00f6ra framsteg i den gr\u00f6na omst\u00e4llningen och milj\u00f6anpassningen \u00e4r en av ordf\u00f6randeskapets fyra \u00f6vergripande prioriteringar. Spanien avser att l\u00e4gga s\u00e4rskilt fokus bland annat p\u00e5 att avsluta arbetet med Fit for 55-paketet samt fr\u00e4mja den gr\u00f6na ekonomin och konkurrenskraften f\u00f6r europeiska f\u00f6retag. Knappt fyra veckor efter ordf\u00f6randeskapets b\u00f6rjan genomf\u00f6rdes dock tidigarelagda allm\u00e4nna val i landet och hur regeringsbildningen ska se ut \u00e4r i dagsl\u00e4get fortfarande oklart. Spanska representanter har f\u00f6rs\u00e4krat att det politiska l\u00e4get inte ska p\u00e5verka landets h\u00f6ga ordf\u00f6randeskapsambitioner och l\u00e5t oss hoppas att de har r\u00e4tt. F\u00f6ljande fem klimatfr\u00e5gor v\u00e4ntas bli s\u00e4rskilt viktiga att h\u00e5lla koll p\u00e5 under h\u00f6sten:<\/span><span data-ccp-props=\"{&quot;201341983&quot;:0,&quot;335559739&quot;:160,&quot;335559740&quot;:259}\">\u00a0<\/span><\/p>\n<p><b><span data-contrast=\"auto\">Europeiska kritiska r\u00e5materialakten<\/span><\/b><span data-ccp-props=\"{&quot;201341983&quot;:0,&quot;335559739&quot;:160,&quot;335559740&quot;:259}\">\u00a0<\/span><\/p>\n<p><span data-contrast=\"auto\">F\u00f6rslaget, som presenterades under v\u00e5ren, har som \u00f6vergripande m\u00e5ls\u00e4ttning att s\u00e4kerst\u00e4lla EU:s tillg\u00e5ng till en s\u00e4ker och h\u00e5llbar f\u00f6rs\u00f6rjning av kritiska r\u00e5material och syftar till att st\u00e4rka de olika stegen l\u00e4ngs hela v\u00e4rdekedjan. V\u00e4rdekedjornas tillr\u00e4knelighet \u00e4r f\u00f6rst\u00e5s en f\u00f6ruts\u00e4ttning f\u00f6r man ska kunna n\u00e5 satta m\u00e5l, inte minst i EU:s gr\u00f6na giv. Fr\u00e5gan tycks ha hanterats av b\u00e5de den svenska regeringen och ministerr\u00e5det med h\u00f6g prioritet. F\u00f6rslaget var ute p\u00e5 remiss under v\u00e5ren och v\u00e4ntas \u00e4ven tas vidare i r\u00e5det av EU:s n\u00e4ringsministrar redan under tidig h\u00f6st.<\/span><span data-ccp-props=\"{&quot;201341983&quot;:0,&quot;335559685&quot;:720,&quot;335559739&quot;:160,&quot;335559740&quot;:259}\">\u00a0<\/span><\/p>\n<p><b><span data-contrast=\"auto\">\u00d6versynen av koldioxidnormer f\u00f6r tunga fordon\u00a0<\/span><\/b><span data-ccp-props=\"{&quot;201341983&quot;:0,&quot;335559739&quot;:160,&quot;335559740&quot;:259}\">\u00a0<\/span><\/p>\n<p><span data-contrast=\"auto\">EU-kommissionen har f\u00f6reslagit nya sk\u00e4rpta EU-m\u00e5l f\u00f6r koldioxidutsl\u00e4pp fr\u00e5n nytillverkade tunga v\u00e4gfordon. Dessa st\u00e5r idag f\u00f6r uppskattningsvis 6 procent av EU:s totala v\u00e4xthusgasutsl\u00e4pp och utg\u00f6r en stor del av EU:s klimatp\u00e5verkan. Fr\u00e5gan har ocks\u00e5 betydelse f\u00f6r att man ska kunna n\u00e5 klimatm\u00e5let om nettonollutsl\u00e4pp till senast 2045. F\u00f6rslaget har varit ute p\u00e5 remiss och diskuterades ocks\u00e5 av EU:s milj\u00f6- och klimatministrar i b\u00f6rjan av sommaren. R\u00e5det v\u00e4ntas anta sin position under h\u00f6sten och d\u00e4refter v\u00e4ntar slutf\u00f6rhandlingar mellan r\u00e5det, Europaparlamentet och kommissionen.<\/span><span data-ccp-props=\"{&quot;201341983&quot;:0,&quot;335559685&quot;:720,&quot;335559739&quot;:160,&quot;335559740&quot;:259}\">\u00a0<\/span><\/p>\n<p><b><span data-contrast=\"auto\">Direktiv om uttryckliga milj\u00f6p\u00e5st\u00e5enden (green claims)<\/span><\/b><span data-ccp-props=\"{&quot;201341983&quot;:0,&quot;335559739&quot;:160,&quot;335559740&quot;:259}\">\u00a0<\/span><\/p>\n<p><span data-contrast=\"auto\">Under v\u00e5ren presenterade kommissionen sitt f\u00f6rslag till direktiv om gr\u00f6na p\u00e5st\u00e5enden som syftar till att st\u00e4rka konsumenternas m\u00f6jligheter att fatta v\u00e4lgrundade beslut, f\u00f6rhindra gr\u00f6nm\u00e5lning och minska milj\u00f6- och klimatp\u00e5verkan. Det \u00e4r en del av genomf\u00f6randet av EU:s gr\u00f6na giv och kopplar ocks\u00e5 bland annat till EU:s handlingsplan f\u00f6r en cirkul\u00e4r ekonomi. F\u00f6rslaget, som \u00e4r omdebatterat, var ute p\u00e5 remiss under sommaren. R\u00e5det kommer fortsatt att diskutera fr\u00e5gan under h\u00f6sten men sannolikt kommer ministrarna att anta sin slutliga position tidigast till v\u00e5ren, under det belgiska ordf\u00f6randeskapet.<\/span><span data-ccp-props=\"{&quot;201341983&quot;:0,&quot;335559685&quot;:720,&quot;335559739&quot;:160,&quot;335559740&quot;:259}\">\u00a0<\/span><\/p>\n<p><b><span data-contrast=\"auto\">Certifieringsramverket f\u00f6r upptag och inf\u00e5ngning av koldioxid\u00a0<\/span><\/b><span data-ccp-props=\"{&quot;201341983&quot;:0,&quot;335559739&quot;:160,&quot;335559740&quot;:259}\">\u00a0<\/span><\/p>\n<p><span data-contrast=\"auto\">Koldioxidupptaget v\u00e4ntas spela en allt viktigare roll i EU:s klimatpolitik och f\u00f6rslaget, som presenterades i slutet av f\u00f6rra \u00e5ret, ska bidra till och s\u00e4kerst\u00e4lla en h\u00f6g kvalitet p\u00e5 \u00e5tg\u00e4rderna f\u00f6r upptag och inf\u00e5ngning av koldioxid. F\u00f6rslaget omfattar ocks\u00e5 kvalitetskriterier, en verifierings- och certifieringsprocess och regler f\u00f6r certifieringssystemen. EU:s milj\u00f6- och klimatministrar diskuterade fr\u00e5gan under v\u00e5ren. Sannolikt kommer det spanska ordf\u00f6randeskapet prioritera att ta fr\u00e5gan vidare och sikta p\u00e5 att anta r\u00e5dets position innan ordf\u00f6randeskapets slut.<\/span><span data-ccp-props=\"{&quot;201341983&quot;:0,&quot;335559685&quot;:720,&quot;335559739&quot;:160,&quot;335559740&quot;:259}\">\u00a0<\/span><\/p>\n<p><b><span data-contrast=\"auto\">Det reviderade luftkvalitetsdirektivet<\/span><\/b><span data-ccp-props=\"{&quot;201341983&quot;:0,&quot;335559739&quot;:160,&quot;335559740&quot;:259}\">\u00a0<\/span><\/p>\n<p><span data-contrast=\"auto\">Under f\u00f6rra h\u00f6sten kom f\u00f6rslaget om ett reviderat direktiv om luftkvalitet och renare luft i Europa. F\u00f6rslaget \u00e4r en viktig del av den gr\u00f6na givens handlingsplan om nollf\u00f6rorening av luft, vatten och mark. Bland annat f\u00f6resl\u00e5s \u00e5tg\u00e4rder om sk\u00e4rpta luftkvalitetsnormer till 2030, tydligare regler och krav r\u00f6rande luftkvalitetsnormer och st\u00e4rkta krav p\u00e5 kontroll av luftkvalitet. Milj\u00f6- och klimatministrarna diskuterade fr\u00e5gan senast i b\u00f6rjan av sommaren och mycket tyder p\u00e5 att fr\u00e5gan kommer att forts\u00e4tta hanteras under spanskt ordf\u00f6randeskap.<\/span><span data-ccp-props=\"{&quot;201341983&quot;:0,&quot;335559685&quot;:720,&quot;335559739&quot;:160,&quot;335559740&quot;:259}\">\u00a0<\/span><\/p>\n","qoute":"<p><span data-contrast=\"auto\">Spanien avser att l\u00e4gga s\u00e4rskilt fokus bland annat p\u00e5 att avsluta arbetet med Fit for 55-paketet samt fr\u00e4mja den gr\u00f6na ekonomin och konkurrenskraften f\u00f6r europeiska f\u00f6retag.<\/span><\/p>\n","name":"Josefina Kildjer","title-company":"Expert p\u00e5 EU-policy, Hagainitiativet"},"_links":{"self":[{"href":"https:\/\/www.hagainitiativet.se\/en\/wp-json\/wp\/v2\/inlagg\/7273","targetHints":{"allow":["GET"]}}],"collection":[{"href":"https:\/\/www.hagainitiativet.se\/en\/wp-json\/wp\/v2\/inlagg"}],"about":[{"href":"https:\/\/www.hagainitiativet.se\/en\/wp-json\/wp\/v2\/types\/inlagg"}],"wp:featuredmedia":[{"embeddable":true,"href":"https:\/\/www.hagainitiativet.se\/en\/wp-json\/wp\/v2\/media\/7275"}],"wp:attachment":[{"href":"https:\/\/www.hagainitiativet.se\/en\/wp-json\/wp\/v2\/media?parent=7273"}],"wp:term":[{"taxonomy":"kategori","embeddable":true,"href":"https:\/\/www.hagainitiativet.se\/en\/wp-json\/wp\/v2\/kategori?post=7273"}],"curies":[{"name":"wp","href":"https:\/\/api.w.org\/{rel}","templated":true}]}}