{"id":7472,"date":"2023-10-27T10:42:18","date_gmt":"2023-10-27T08:42:18","guid":{"rendered":"https:\/\/www.hagainitiativet.se\/?post_type=inlagg&#038;p=7472"},"modified":"2023-10-27T12:34:48","modified_gmt":"2023-10-27T10:34:48","slug":"missade-du-seminariet-vilka-framgangar-behover-vi-se-fram-till-2030-politiskt-och-hos-foretagen","status":"publish","type":"inlagg","link":"https:\/\/www.hagainitiativet.se\/en\/inlagg\/missade-du-seminariet-vilka-framgangar-behover-vi-se-fram-till-2030-politiskt-och-hos-foretagen\/","title":{"rendered":"Missade du seminariet &#8211; Vilka framg\u00e5ngar beh\u00f6ver vi se fram till 2030 &#8211; politiskt och hos f\u00f6retagen?"},"content":{"rendered":"","protected":false},"excerpt":{"rendered":"","protected":false},"featured_media":7475,"parent":0,"template":"","kategori":[16],"class_list":["post-7472","inlagg","type-inlagg","status-publish","has-post-thumbnail","hentry","kategori-seminarier"],"meta_box":{"show_post_en":"0","text":"<p>Den 26 oktober h\u00f6lls seminariet Vilka framg\u00e5ngar beh\u00f6ver vi se fram till 2030 - politiskt och hos f\u00f6retagen?<\/p>\n<p><strong>Missade du seminariet - se inspelning <a href=\"https:\/\/youtu.be\/0e_mzP-BszE\">h\u00e4r<\/a>!<br \/>\n<\/strong><\/p>\n<p>Seminariet ligger efter att John Hassler har l\u00e4mnat sin analys om hur svensk klimatpolitik kan utvecklas, mot bakgrund av EU:s nya klimatlagstiftning Fit for 55, till regeringen och innan regeringen har kommit med sin klimathandlingsplan. Under seminariet diskuterades utifr\u00e5n detta f\u00f6ljande fr\u00e5gor:<\/p>\n<p>Varf\u00f6r \u00e4r en skarp klimatpolitik viktig f\u00f6r f\u00f6retagen f\u00f6r att beh\u00e5lla konkurrenskraften och jobben?<br \/>\nVad vill f\u00f6retagen se i klimathandlingsplanen?<br \/>\nVilka underutvecklade policyomr\u00e5den, som kan ge stora utsl\u00e4ppsminskningar, har inte varit uppe p\u00e5 bordet?<br \/>\nOm inte Sverige klarar sina utsl\u00e4ppsminskningar vi \u00e5tagit oss till EU, vilka alternativ har vi? Hur ser v\u00e4gen fram\u00e5t ut? Hur p\u00e5verkar detta f\u00f6retagen?<\/p>\n<div><\/div>\n<div>\n<p><strong>Medverkande:<\/strong><\/p>\n<p><strong>Organisationer och \u00f6vriga<\/strong><\/p>\n<p>John Hassler, professor, SU<br \/>\n\u00c5sa Persson, ordf\u00f6rande, Klimatpolitiska r\u00e5det<br \/>\nOla Alter\u00e5, kanslichef, Klimatpolitiska r\u00e5det<br \/>\nMats Engstr\u00f6m, senior advisor, SIEPS<br \/>\nMagnus Nilsson, frist\u00e5ende konsult<br \/>\nAnders Wijkman, tidigare ordf\u00f6rande i Milj\u00f6m\u00e5lsberedningen<\/p>\n<p><strong>Politiker<\/strong><\/p>\n<p>Rickard Nordin, riksdagsledamot (C)<br \/>\nJytte Guteland, riksdagsledamot (S)<br \/>\nJakop Dalunde, EU-parlamentariker, (MP)<br \/>\nMartin Kinnunen, riksdagledamot (SD)<\/p>\n<p><strong>Hagainitiativet och f\u00f6retagen<\/strong><\/p>\n<p>Katarina Thorling, h\u00e5llbarhetschef, Preem<br \/>\nFredrik Nilz\u00e9n, h\u00e5llbarhetschef, Swedbank<br \/>\nAlarik Sandrup, n\u00e4ringspolitisk chef, Lantm\u00e4nnen<br \/>\nElina Matsdotter, h\u00e5llbarhetschef, HKScan Sverige<br \/>\nJosefina Kildjer, EU-expert, Hagainitiativet<br \/>\nGabrielle Tillberg, projektledare, Hagainitiativet<br \/>\nNina Ekelund, generalsekreterare, Hagainitiativet (Moderator)<\/p>\n<\/div>\n","qoute":"","name":"","title-company":""},"_links":{"self":[{"href":"https:\/\/www.hagainitiativet.se\/en\/wp-json\/wp\/v2\/inlagg\/7472","targetHints":{"allow":["GET"]}}],"collection":[{"href":"https:\/\/www.hagainitiativet.se\/en\/wp-json\/wp\/v2\/inlagg"}],"about":[{"href":"https:\/\/www.hagainitiativet.se\/en\/wp-json\/wp\/v2\/types\/inlagg"}],"wp:featuredmedia":[{"embeddable":true,"href":"https:\/\/www.hagainitiativet.se\/en\/wp-json\/wp\/v2\/media\/7475"}],"wp:attachment":[{"href":"https:\/\/www.hagainitiativet.se\/en\/wp-json\/wp\/v2\/media?parent=7472"}],"wp:term":[{"taxonomy":"kategori","embeddable":true,"href":"https:\/\/www.hagainitiativet.se\/en\/wp-json\/wp\/v2\/kategori?post=7472"}],"curies":[{"name":"wp","href":"https:\/\/api.w.org\/{rel}","templated":true}]}}