{"id":7520,"date":"2024-08-14T14:24:34","date_gmt":"2024-08-14T12:24:34","guid":{"rendered":"https:\/\/www.hagainitiativet.se\/?post_type=inlagg&#038;p=7520"},"modified":"2024-08-14T14:24:35","modified_gmt":"2024-08-14T12:24:35","slug":"vill-du-vara-med-och-paverka-hagainitiativet-soker-nya-medlemmar","status":"publish","type":"inlagg","link":"https:\/\/www.hagainitiativet.se\/en\/inlagg\/vill-du-vara-med-och-paverka-hagainitiativet-soker-nya-medlemmar\/","title":{"rendered":"Vill du vara med och p\u00e5verka? Hagainitiativet s\u00f6ker nya medlemmar"},"content":{"rendered":"","protected":false},"excerpt":{"rendered":"","protected":false},"featured_media":7704,"parent":0,"template":"","kategori":[17],"class_list":["post-7520","inlagg","type-inlagg","status-publish","has-post-thumbnail","hentry","kategori-nyheter"],"meta_box":{"show_post_en":"0","text":"<p><strong>Vill du vara med och p\u00e5verka? Vi s\u00f6ker nya medlemmar.<\/strong><\/p>\n<p>L\u00e4s vad v\u00e5ra medlemsf\u00f6retag s\u00e4ger om samarbetet i Hagainitiativet.<\/p>\n<blockquote><p><em>\"Det \u00e4r mer angel\u00e4get \u00e4n n\u00e5gonsin att olika branscher samverkar f\u00f6r att arbeta, inte minst mot politiken, f\u00f6r en klimatpolitik som \u00e4r p\u00e5 riktigt.\"<\/em> \u00c5sa Domeij, h\u00e5llbarhetschef, Axfood<\/p>\n<p><em>\"Genom att samverka med andra proaktiva f\u00f6retag fr\u00e5n andra branscher skapar Lantm\u00e4nnen tillsammans med alla andra Hagaf\u00f6retag en tydlig konstruktiv n\u00e4ringslivsr\u00f6st i den politiska diskussionen om hur samh\u00e4llet ska styras och utvecklas f\u00f6r att ge f\u00f6ruts\u00e4ttningar f\u00f6r en snabbare omst\u00e4llning.\"<\/em> Claes Johansson, h\u00e5llbarhetschef, Lantm\u00e4nnen<\/p>\n<p><em>\"Att utbyta erfarenheter och tankar med andra kunniga h\u00e5llbarhetschefer fr\u00e5n olika branscher berikar v\u00e5rt egna h\u00e5llbarhetsarbete inom HK Scan. Hagainitiativet erbjuder en s\u00e5dan plattform och ger oss ocks\u00e5 bra omv\u00e4rldsbevakning som g\u00f6r att vi kan ligga i framkant.\" <\/em>Elina Matsdotter, h\u00e5llbarhetschef, HK Scan Sverige<\/p>\n<p><em>\"Samverkan \u00e4r viktigt i omst\u00e4llningen mot klimatneutralitet. Genom Hagainitiativet utmanas vi, l\u00e4r av varandra och f\u00e5r en gemensam starkare r\u00f6st om hur vi kan arbeta mot visionen om ett l\u00f6nsamt n\u00e4ringsliv utan klimatp\u00e5verkan.\" Katarina Thorling, h\u00e5llbarhetschef, Preem<\/em><\/p>\n<p><em>\u201dEn fungerande cirkul\u00e4r ekonomi \u00e4r starkt beroende av ett aktivt klimatarbete d\u00e4r vi i n\u00e4ringslivet har stora m\u00f6jligheter att p\u00e5verka. Genom Hagainitiativet har Stena Recycling tillsammans med \u00f6vriga medlemsf\u00f6retag m\u00f6jlighet att vara en stark r\u00f6st och kraft som m\u00f6jligg\u00f6r \u00f6kad cirkularitet.\u201d Sara Davidsson, h\u00e5llbarhetschef, Stena Recycling<\/em><\/p>\n<p><em>\"Att vara med i Hagainitiativet \u00e4r bra p\u00e5 m\u00e5nga s\u00e4tt f\u00f6r oss p\u00e5 L\u00f6fbergs. Vi delar kunskap och erfarenheter, vilket g\u00f6r att vi utvecklas och blir b\u00e4ttre. Tillsammans blir vi en stark n\u00e4ringslivsr\u00f6st som lyfter aff\u00e4rsnyttan med klimatomst\u00e4llningen. Det g\u00f6r vi f\u00f6r att inspirera andra och f\u00f6r att p\u00e5verka politiken i r\u00e4tt riktning.\" Kajsa-Lisa Ljud\u00e9n, h\u00e5llbarhetschef L\u00f6fbergs<\/em><\/p><\/blockquote>\n<p>V\u00e4lkommen att kontakta oss s\u00e5 ber\u00e4ttar vi mer! (info@hagainitiativet.se)<\/p>\n","qoute":"","name":"","title-company":""},"_links":{"self":[{"href":"https:\/\/www.hagainitiativet.se\/en\/wp-json\/wp\/v2\/inlagg\/7520","targetHints":{"allow":["GET"]}}],"collection":[{"href":"https:\/\/www.hagainitiativet.se\/en\/wp-json\/wp\/v2\/inlagg"}],"about":[{"href":"https:\/\/www.hagainitiativet.se\/en\/wp-json\/wp\/v2\/types\/inlagg"}],"wp:featuredmedia":[{"embeddable":true,"href":"https:\/\/www.hagainitiativet.se\/en\/wp-json\/wp\/v2\/media\/7704"}],"wp:attachment":[{"href":"https:\/\/www.hagainitiativet.se\/en\/wp-json\/wp\/v2\/media?parent=7520"}],"wp:term":[{"taxonomy":"kategori","embeddable":true,"href":"https:\/\/www.hagainitiativet.se\/en\/wp-json\/wp\/v2\/kategori?post=7520"}],"curies":[{"name":"wp","href":"https:\/\/api.w.org\/{rel}","templated":true}]}}