{"id":8102,"date":"2024-06-07T16:27:00","date_gmt":"2024-06-07T14:27:00","guid":{"rendered":"https:\/\/www.hagainitiativet.se\/?post_type=inlagg&#038;p=8102"},"modified":"2025-02-25T15:39:25","modified_gmt":"2025-02-25T14:39:25","slug":"dagens-industri-eu-valet-viktigt-for-naringslivets-grona-omstallning","status":"publish","type":"inlagg","link":"https:\/\/www.hagainitiativet.se\/en\/inlagg\/dagens-industri-eu-valet-viktigt-for-naringslivets-grona-omstallning\/","title":{"rendered":"Dagens Industri: EU-valet viktigt f\u00f6r n\u00e4ringslivets gr\u00f6na omst\u00e4llning"},"content":{"rendered":"","protected":false},"excerpt":{"rendered":"","protected":false},"featured_media":0,"parent":0,"template":"","kategori":[30],"class_list":["post-8102","inlagg","type-inlagg","status-publish","hentry","kategori-debattartiklar"],"meta_box":{"show_post_en":"0","text":"<p>Det kommande EU-valet \u00e4r centralt f\u00f6r n\u00e4ringslivets m\u00f6jligheter att forts\u00e4tta den gr\u00f6na omst\u00e4llningen f\u00f6r st\u00e4rkt konkurrenskraft och m\u00f6jlighet till \u00f6kad syssels\u00e4ttning, skriver f\u00f6retr\u00e4dare f\u00f6r Hagainitiativet tillsammans med svenska f\u00f6retagsledare.<\/p>\n<p>\"Som f\u00f6retr\u00e4dare f\u00f6r v\u00e5ra f\u00f6retag och Hagainitiativet, ser vi stora f\u00f6rdelar med EU:s ambiti\u00f6sa klimatpolitik. Det beh\u00f6vs d\u00e4rf\u00f6r politiska ledare som st\u00e5r fast vid klimatm\u00e5len om att minska v\u00e4xthusgasutsl\u00e4ppen inom EU med 55 procent till 2030, och som skruvar upp ambitionerna ytterligare inf\u00f6r 2040. Det \u00e4r inte bara viktigt f\u00f6r att motverka klimatf\u00f6r\u00e4ndringarna utan ocks\u00e5 f\u00f6r att fr\u00e4mja innovation och utveckling av ny teknologi. Det \u00e4r dessa typer av investeringar som kommer att driva p\u00e5 f\u00f6retagens p\u00e5g\u00e5ende gr\u00f6na omst\u00e4llning och skapa nya jobb.\"<\/p>\n<p>L\u00e4s debattartikeln <a href=\"https:\/\/www.di.se\/debatt\/eu-valet-viktigt-for-naringslivets-grona-omstallning\/\">h\u00e4r<\/a>.<\/p>\n","qoute":"","name":"","title-company":""},"_links":{"self":[{"href":"https:\/\/www.hagainitiativet.se\/en\/wp-json\/wp\/v2\/inlagg\/8102","targetHints":{"allow":["GET"]}}],"collection":[{"href":"https:\/\/www.hagainitiativet.se\/en\/wp-json\/wp\/v2\/inlagg"}],"about":[{"href":"https:\/\/www.hagainitiativet.se\/en\/wp-json\/wp\/v2\/types\/inlagg"}],"wp:attachment":[{"href":"https:\/\/www.hagainitiativet.se\/en\/wp-json\/wp\/v2\/media?parent=8102"}],"wp:term":[{"taxonomy":"kategori","embeddable":true,"href":"https:\/\/www.hagainitiativet.se\/en\/wp-json\/wp\/v2\/kategori?post=8102"}],"curies":[{"name":"wp","href":"https:\/\/api.w.org\/{rel}","templated":true}]}}