{"id":8312,"date":"2024-09-11T13:52:33","date_gmt":"2024-09-11T11:52:33","guid":{"rendered":"https:\/\/www.hagainitiativet.se\/?post_type=inlagg&#038;p=8312"},"modified":"2024-09-12T08:09:15","modified_gmt":"2024-09-12T06:09:15","slug":"hej-roland-nordin-vd-ovik-energi","status":"publish","type":"inlagg","link":"https:\/\/www.hagainitiativet.se\/en\/inlagg\/hej-roland-nordin-vd-ovik-energi\/","title":{"rendered":"Hej Roland Nordin, vd, \u00d6vik Energi!"},"content":{"rendered":"<p><\/p>\n\n\n\n<p><\/p>","protected":false},"excerpt":{"rendered":"","protected":false},"featured_media":8315,"parent":0,"template":"","kategori":[17],"class_list":["post-8312","inlagg","type-inlagg","status-publish","has-post-thumbnail","hentry","kategori-nyheter"],"meta_box":{"show_post_en":"0","text":"<p>Vi \u00e4r glada att v\u00e4lkomna \u00d6vik Energi in i Hagainitiativet!<\/p>\n<p><strong>Vad \u00e4r ert bidrag till klimatomst\u00e4llningen i Sverige fr\u00e5n \u00d6vik Energi? <\/strong><\/p>\n<p>-\u00d6vik Energi har under en l\u00e4ngre tid jobbat med att minska v\u00e5rt klimatavtryck. I \u00e5r fasar vi helt ut energitorv fr\u00e5n v\u00e5r produktionskedja f\u00f6r att \u00f6verg\u00e5 till 100 procent f\u00f6rnybart biobr\u00e4nsle - v\u00e5ra f\u00f6ruts\u00e4ttningar att bli en klimatneutral organisation fram\u00e5t \u00e4r d\u00e4rf\u00f6r goda. I ett alltmer volatilt energisystem \u00e4r v\u00e5rt och \u00f6vriga kraftv\u00e4rmeverk i landet en m\u00f6jligg\u00f6rare f\u00f6r elektrifieringen genom att st\u00e5 f\u00f6r 20% av elproduktionskapaciteten n\u00e4r den beh\u00f6vs som mest. Vi ligger \u00e4ven l\u00e5ngt fram i arbetet med att f\u00e5nga in biogen koldioxiden fr\u00e5n v\u00e5rt kraftv\u00e4rmeverk, med en ny skorsten som \u00e4r f\u00f6rberedd f\u00f6r CCS\/CCU. Flera bolag inom v\u00e5r koncern har ocks\u00e5 gjort stora framsteg, exempelvis SEKAB som positionerat sig som ett av Europas gr\u00f6naste kemif\u00f6retag.<\/p>\n<p><strong>Varf\u00f6r har ni g\u00e5tt med i Hagainitiativet? <\/strong><\/p>\n<p>-Vi vill p\u00e5verka samh\u00e4llet och ta ett st\u00f6rre ansvar f\u00f6r den gr\u00f6na omst\u00e4llningen inom de branscher som vi jobbar i. Vi vill ocks\u00e5 sj\u00e4lva bli p\u00e5verkade och inspirerade av andra medlemmar i Hagainitiativet s\u00e5 att vi kan f\u00f6rflytta oss sj\u00e4lva vidare in i en mer h\u00e5llbar framtid f\u00f6r v\u00e5ra f\u00f6retag.<\/p>\n<p><strong>Vad ser ni fram emot med att vara med i Hagainitiativet? <\/strong><\/p>\n<p>-Att vi f\u00e5r en st\u00f6rre delaktighet och ett st\u00f6rre n\u00e4tverk med andra likasinnade f\u00f6retag. Vi vill ta v\u00e5r plats runt bordet och bidra till att utveckla sunda effektiva framtida l\u00f6sningar inom de omr\u00e5den vi verkar. Vi vill ocks\u00e5 visa att en mindre energikoncern kan g\u00f6ra skillnad och fungera som en inspiration till andra f\u00f6retag.<\/p>\n<p><strong>P\u00e5 ett personligt plan, vad driver dig att arbeta med h\u00e5llbarhet och klimatfr\u00e5gan i synnerhet?<\/strong><\/p>\n<p>-Jag har efter mer \u00e4n 30 \u00e5r i ledande positioner inom stora svenska industrif\u00f6retag sett att man kan p\u00e5verka mer \u00e4n man tror! Jag vet att h\u00e5llbara l\u00f6sningar inte med automatik \u00e4r dyrare. Om vi har ett livscykelt\u00e4nk med cirkul\u00e4ra aff\u00e4rsmodeller som tar h\u00e4nsyn till klimatp\u00e5verkan, s\u00e4kerhet och en bra arbetsmilj\u00f6, d\u00e5 kan vi ofta skapa l\u00f6nsammare aff\u00e4rer och en b\u00e4ttre arbetsmilj\u00f6 samt ett l\u00e5gt klimatavtryck.<\/p>\n","qoute":"<p>Vi vill ta v\u00e5r plats runt bordet och bidra till att utveckla sunda effektiva framtida l\u00f6sningar inom de omr\u00e5den vi verkar. Vi vill ocks\u00e5 visa att en mindre energikoncern kan g\u00f6ra skillnad och fungera som en inspiration till andra f\u00f6retag.<\/p>\n","name":"Roland Nordin","title-company":"vd, \u00d6vik Energi"},"_links":{"self":[{"href":"https:\/\/www.hagainitiativet.se\/en\/wp-json\/wp\/v2\/inlagg\/8312","targetHints":{"allow":["GET"]}}],"collection":[{"href":"https:\/\/www.hagainitiativet.se\/en\/wp-json\/wp\/v2\/inlagg"}],"about":[{"href":"https:\/\/www.hagainitiativet.se\/en\/wp-json\/wp\/v2\/types\/inlagg"}],"wp:featuredmedia":[{"embeddable":true,"href":"https:\/\/www.hagainitiativet.se\/en\/wp-json\/wp\/v2\/media\/8315"}],"wp:attachment":[{"href":"https:\/\/www.hagainitiativet.se\/en\/wp-json\/wp\/v2\/media?parent=8312"}],"wp:term":[{"taxonomy":"kategori","embeddable":true,"href":"https:\/\/www.hagainitiativet.se\/en\/wp-json\/wp\/v2\/kategori?post=8312"}],"curies":[{"name":"wp","href":"https:\/\/api.w.org\/{rel}","templated":true}]}}