{"id":8679,"date":"2024-11-11T12:51:25","date_gmt":"2024-11-11T11:51:25","guid":{"rendered":"https:\/\/www.hagainitiativet.se\/?post_type=inlagg&#038;p=8679"},"modified":"2024-11-11T12:51:25","modified_gmt":"2024-11-11T11:51:25","slug":"missade-du-webbinariet-sa-blir-eus-klimatpolitik-finns-nu-pa-youtube","status":"publish","type":"inlagg","link":"https:\/\/www.hagainitiativet.se\/en\/inlagg\/missade-du-webbinariet-sa-blir-eus-klimatpolitik-finns-nu-pa-youtube\/","title":{"rendered":"Missade du webbinariet S\u00e5 blir EU:s klimatpolitik? Finns nu p\u00e5 Youtube."},"content":{"rendered":"","protected":false},"excerpt":{"rendered":"","protected":false},"featured_media":8681,"parent":0,"template":"","kategori":[17,16],"class_list":["post-8679","inlagg","type-inlagg","status-publish","has-post-thumbnail","hentry","kategori-nyheter","kategori-seminarier"],"meta_box":{"show_post_en":"0","text":"<p>I fredags arrangerade vi i Hagainitiativet webbinariet S\u00e5 blir EU:s klimatpolitik \u2013 detta f\u00f6rv\u00e4ntar sig f\u00f6retagen. Vi samtalade bland annat om hur Draghi-rapporten kommer pr\u00e4gla den kommande kommissionen, vad f\u00f6retagen vill se under kommande mandatperiod samt hur Europa matchar USA:s och Kinas framfart i den gr\u00f6na omst\u00e4llningen.<\/p>\n<p>Se webbinariet <a class=\"app-aware-link \" href=\"https:\/\/www.youtube.com\/watch?v=YrIbNduu3O0\" data-test-app-aware-link=\"\">h\u00e4r<\/a><\/p>\n<p><strong>Peter Handley, Senior Associate p\u00e5 CISL\/CLG, tidigare p\u00e5 DG GROW<\/strong><br \/>\n\"Konkurrenskraft och utfasning av fossila br\u00e4nslen m\u00e5ste vara kopplade till varandra.\"<br \/>\n\"Jag tror att tre fj\u00e4rdedelar av v\u00e5ra EU-ledare \u00e4r mycket oroade \u00f6ver den \u00f6kande populismen och att de delar av v\u00e4ljark\u00e5ren som f\u00f6redrar enkla l\u00f6sningar \u2013 och f\u00f6rs\u00f6ker hitta den andre, fienden, som \u00e4r orsaken till alla deras problem.\"<\/p>\n<p><strong>Jakop Dalunde, tidigare europaparlamentariker (MP)<\/strong><br \/>\n\u201cGr\u00f6n innovation m\u00e5ste vara central i den europeiska ekonomiska basen. P\u00e5 samma s\u00e4tt som vi sett bilindustrin, l\u00e4kemedel eller jordbruk s\u00e5 m\u00e5ste man sluta betrakta gr\u00f6na omst\u00e4llningen som n\u00e5got vi g\u00f6r vid sidan om - den m\u00e5ste betraktas som n\u00e5got centralt f\u00f6r den ekonomiska basen \u2013 annars kommer vi inte klara den gr\u00f6na omst\u00e4llningen ur ett moraliskt perspektiv eller kunna st\u00e5 oss i den globala konkurrensen i den gr\u00f6na omst\u00e4llningen.\u201d<\/p>\n<p><strong>Bj\u00f6rn Sand\u00e9n, professor i innovation och h\u00e5llbarhet, Chalmers<\/strong><br \/>\n\u201cDet kr\u00e4vs kunskap f\u00f6r att f\u00f6rst\u00e5 teknikomr\u00e5den och industrier, och hur politiken ska utformas s\u00e5 industrierna kan lyckas. Vi beh\u00f6ver montera upp en industripolitisk kompetens i hela statsapparaten. N\u00e4r vi ska bygga gr\u00f6na industrier i Norrland ser vi hur det p\u00e5verkar de lokala f\u00f6ruts\u00e4ttningarna f\u00f6r skola v\u00e5rd och omsorg, vi beh\u00f6ver utveckla mer reflekterat t\u00e4nkande kring hur vi g\u00f6r det.\u201d<\/p>\n<p><strong>Alarik Sandrup, n\u00e4ringspolitisk chef, Lantm\u00e4nnen<\/strong><br \/>\n\u201cVi har v\u00e4ldigt olika f\u00f6rh\u00e5llanden i Europa ur klimatperspektiv och befolkningst\u00e4thet. I dagsl\u00e4get \u00e4r det f\u00f6r mycket av lagstiftning i Europa som handlar om att l\u00f6sa problem som finns kopplat till jordbruket p\u00e5 kontinenten d\u00e4r det \u00e4r f\u00f6r mycket jordbruk och djur p\u00e5 en liten yta, men s\u00e5 \u00e4r inte fallet i Sverige. EU beh\u00f6ver en lagstiftning som utvecklar h\u00e5llbart jordbruk. Huvudbekymmer f\u00f6r svenskt jordbruk \u00e4r l\u00e5g l\u00f6nsamhet, f\u00e5 unga som s\u00f6ker sig till branschen, det \u00e4r inte enkelt att \u00f6ka l\u00f6nsamhet under en kostsam omst\u00e4llning. Det kommer kr\u00e4vas stora insatser fr\u00e5n den offentliga sidan; stat, kommuner och EU. F\u00f6r denna resa kommer vi inte klara sj\u00e4lva.\u201d<\/p>\n<p><strong>Magdalena Streijffert, ansvarig f\u00f6r politisk p\u00e5verkan, Preem<\/strong><br \/>\n\u201cOmst\u00e4llningen kr\u00e4ver en marknad f\u00f6r att lyckas f\u00f6rverkliga de gr\u00f6na produkterna. H\u00e4r spelar EU en nyckelroll. Nu ser vi att vi har Europas billigaste drivmedelspriser, vilket g\u00f6r det sv\u00e5rare f\u00f6r oss att st\u00e4lla om. Jag vill ist\u00e4llet f\u00f6r subventionering av diesel se att HVO och elen subventioneras.\u201d<\/p>\n<p>&nbsp;<\/p>\n<p><b>Medverkande:<\/b><br \/>\nPeter Handley, Senior Associate p\u00e5 CISL\/CLG, tidigare p\u00e5 DG GROW<br \/>\nJakop Dalunde, tidigare europaparlamentariker (MP)<br \/>\nBj\u00f6rn Sand\u00e9n, professor i innovation och h\u00e5llbarhet, Chalmers<br \/>\nAlarik Sandrup, n\u00e4ringspolitisk chef, Lantm\u00e4nnen<br \/>\nMagdalena Streijffert, ansvarig f\u00f6r politisk p\u00e5verkan, Preem<br \/>\nGabrielle Tillberg, policyansvarig, Hagainitiativet, side-kick<br \/>\nNina Ekelund, generalsekreterare, Hagainitiativet, moderator<\/p>\n","qoute":"","name":"","title-company":""},"_links":{"self":[{"href":"https:\/\/www.hagainitiativet.se\/en\/wp-json\/wp\/v2\/inlagg\/8679","targetHints":{"allow":["GET"]}}],"collection":[{"href":"https:\/\/www.hagainitiativet.se\/en\/wp-json\/wp\/v2\/inlagg"}],"about":[{"href":"https:\/\/www.hagainitiativet.se\/en\/wp-json\/wp\/v2\/types\/inlagg"}],"wp:featuredmedia":[{"embeddable":true,"href":"https:\/\/www.hagainitiativet.se\/en\/wp-json\/wp\/v2\/media\/8681"}],"wp:attachment":[{"href":"https:\/\/www.hagainitiativet.se\/en\/wp-json\/wp\/v2\/media?parent=8679"}],"wp:term":[{"taxonomy":"kategori","embeddable":true,"href":"https:\/\/www.hagainitiativet.se\/en\/wp-json\/wp\/v2\/kategori?post=8679"}],"curies":[{"name":"wp","href":"https:\/\/api.w.org\/{rel}","templated":true}]}}