{"id":8893,"date":"2025-02-03T09:18:09","date_gmt":"2025-02-03T08:18:09","guid":{"rendered":"https:\/\/www.hagainitiativet.se\/?post_type=inlagg&#038;p=8893"},"modified":"2025-02-25T15:12:46","modified_gmt":"2025-02-25T14:12:46","slug":"goteborgsposten-klimatpolitiken-maste-losas-over-blockgranserna-lar-av-hur-eu-gor-2","status":"publish","type":"inlagg","link":"https:\/\/www.hagainitiativet.se\/en\/inlagg\/goteborgsposten-klimatpolitiken-maste-losas-over-blockgranserna-lar-av-hur-eu-gor-2\/","title":{"rendered":"G\u00f6teborgs-posten: Klimatpolitiken m\u00e5ste l\u00f6sas \u00f6ver blockgr\u00e4nserna &#8211; l\u00e4r av hur EU g\u00f6r"},"content":{"rendered":"","protected":false},"excerpt":{"rendered":"","protected":false},"featured_media":8922,"parent":0,"template":"","kategori":[17],"class_list":["post-8893","inlagg","type-inlagg","status-publish","has-post-thumbnail","hentry","kategori-nyheter"],"meta_box":{"show_post_en":"0","text":"<p>USA l\u00e4mnar Parisavtalet, vilket \u00e4r djupt oroande. Samtidigt kan detta bidra till att st\u00e4rka Europas och Sveriges m\u00f6jligheter att b\u00e5de leda klimatomst\u00e4llningen och st\u00e4rka n\u00e4ringslivets globala konkurrenskraft. Vi vill se ett block\u00f6verskridande samarbete f\u00f6r att v\u00e4nda utvecklingen och se till att Sverige och Europa fyller Trumps vakuum i klimatarbetet.<\/p>\n<p>Det skriver Hagainitiativets nya ordf\u00f6rande Nina Ekelund och nya generalsekreterare Jakop Dalunde.<\/p>\n<p>L\u00e4s artikeln <a href=\"https:\/\/www.gp.se\/debatt\/klimatpolitiken-maste-losas-over-blockgranserna-lar-av-hur-eu-gor.497ba850-1ffd-4311-9bc3-8607edb052ef\">h\u00e4r<\/a>.<\/p>\n","qoute":"","name":"","title-company":""},"_links":{"self":[{"href":"https:\/\/www.hagainitiativet.se\/en\/wp-json\/wp\/v2\/inlagg\/8893","targetHints":{"allow":["GET"]}}],"collection":[{"href":"https:\/\/www.hagainitiativet.se\/en\/wp-json\/wp\/v2\/inlagg"}],"about":[{"href":"https:\/\/www.hagainitiativet.se\/en\/wp-json\/wp\/v2\/types\/inlagg"}],"wp:featuredmedia":[{"embeddable":true,"href":"https:\/\/www.hagainitiativet.se\/en\/wp-json\/wp\/v2\/media\/8922"}],"wp:attachment":[{"href":"https:\/\/www.hagainitiativet.se\/en\/wp-json\/wp\/v2\/media?parent=8893"}],"wp:term":[{"taxonomy":"kategori","embeddable":true,"href":"https:\/\/www.hagainitiativet.se\/en\/wp-json\/wp\/v2\/kategori?post=8893"}],"curies":[{"name":"wp","href":"https:\/\/api.w.org\/{rel}","templated":true}]}}